{"id":1645,"date":"2013-09-01T05:53:36","date_gmt":"2013-09-01T04:53:36","guid":{"rendered":"http:\/\/www.dr-thomas-hartung.de\/?page_id=1645"},"modified":"2025-03-09T11:56:04","modified_gmt":"2025-03-09T10:56:04","slug":"10-politzeit","status":"publish","type":"page","link":"https:\/\/www.dr-thomas-hartung.de\/?page_id=1645","title":{"rendered":"10. Politzeit"},"content":{"rendered":"<p>Wenn aus Wutb\u00fcrgern Mutb\u00fcrger werden&#8230; aber diese Politik, vor allem in den Bereichen von Hochschule, Bildung und Wissenschaft, halte ich f\u00fcr nicht mehr tragbar. Die Motivation hatte ich <a href=\"https:\/\/www.dr-thomas-hartung.de\/?p=1585\" target=\"_blank\" rel=\"noopener noreferrer\">hier<\/a> kurz dargelegt. Also wurde ich im Fr\u00fchjahr 2013 in der neuen &#8222;Alternative f\u00fcr Deutschland&#8220; aktiv und bin am 28. April in Leipzig zum s\u00e4chsischen Landesvize gew\u00e4hlt und in Lau\u00dfnitz bereits einmal wieder gew\u00e4hlt worden.<\/p>\n<p>Nach einer Zwangspause aufgrund <a href=\"https:\/\/www.dr-thomas-hartung.de\/?p=1805\" target=\"_blank\" rel=\"noopener noreferrer\">dieser<\/a> Causa stellte ich mich Anfang 2016 erneut zur Wahl und wurde mit gro\u00dfer Mehrheit erneut gew\u00e4hlt. Nach Petrys R\u00fccktritt zur BTW 2017 trat auch ich zur\u00fcck, da ich den Spagat zwischen klugen Konservativen und tumben Rechtsnationalen im Landesverband nicht mehr einen geschweige kommunizieren wollte, und beschr\u00e4nkte mich auf die Rolle als hochschul- und medienpolitischer Strippenzieher und Redenschreiber im Hintergrund. Die neue Fraktion wollte im Oktober 2019 darauf verzichten: Auf Gehei\u00df eines osts\u00e4chsischen \u00dcberfliegers, der sich im Wilhelm-Busch-Stil den Bundesvorsitz zutraute. Fazit: Politik ist wie Spargel ernten. Kaum zeigt sich ein helles K\u00f6pfchen, wird es abgestochen.<\/p>\n<p><div id=\"attachment_1647\" style=\"width: 483px\" class=\"wp-caption aligncenter\"><a href=\"https:\/\/www.dr-thomas-hartung.de\/wp-content\/uploads\/2013\/09\/Kamenz1klein.jpg\"><img aria-describedby=\"caption-attachment-1647\" decoding=\"async\" loading=\"lazy\" class=\"size-full wp-image-1647\" title=\"Kamenz1klein\" src=\"https:\/\/www.dr-thomas-hartung.de\/wp-content\/uploads\/2013\/09\/Kamenz1klein.jpg\" alt=\"\u00dcbergabe der Unterst\u00fctzerunterschriften bei der Landeswahlleitung Kamenz. Foto: Bodo Herold\" width=\"473\" height=\"314\" srcset=\"https:\/\/www.dr-thomas-hartung.de\/wp-content\/uploads\/2013\/09\/Kamenz1klein.jpg 945w, https:\/\/www.dr-thomas-hartung.de\/wp-content\/uploads\/2013\/09\/Kamenz1klein-300x200.jpg 300w\" sizes=\"(max-width: 473px) 100vw, 473px\" \/><\/a><p id=\"caption-attachment-1647\" class=\"wp-caption-text\">\u00dcbergabe der Unterst\u00fctzerunterschriften bei der Landeswahlleitung Kamenz, mit Dr. Frauke Petry und Landesschatzmeister Jens Simmank. Foto: Bodo Herold<\/p><\/div><br>\n<div id=\"attachment_1648\" style=\"width: 483px\" class=\"wp-caption aligncenter\"><a href=\"https:\/\/www.dr-thomas-hartung.de\/wp-content\/uploads\/2013\/09\/RadebergKlein.jpg\"><img aria-describedby=\"caption-attachment-1648\" decoding=\"async\" loading=\"lazy\" class=\"size-full wp-image-1648  \" title=\"RadebergKlein\" src=\"https:\/\/www.dr-thomas-hartung.de\/wp-content\/uploads\/2013\/09\/RadebergKlein.jpg\" alt=\"Er\u00f6ffnung des B\u00fcrgerb\u00fcros Radeberg \/ Begr\u00fc\u00dfung des j\u00fcngsten AfD-Mitglieds. Foto: Bodo Herold\" width=\"473\" height=\"315\" srcset=\"https:\/\/www.dr-thomas-hartung.de\/wp-content\/uploads\/2013\/09\/RadebergKlein.jpg 945w, https:\/\/www.dr-thomas-hartung.de\/wp-content\/uploads\/2013\/09\/RadebergKlein-300x200.jpg 300w\" sizes=\"(max-width: 473px) 100vw, 473px\" \/><\/a><p id=\"caption-attachment-1648\" class=\"wp-caption-text\">Er\u00f6ffnung des B\u00fcrgerb\u00fcros Radeberg \/ Begr\u00fc\u00dfung des j\u00fcngsten AfD-Mitglieds. Foto: Bodo Herold<\/p><\/div><br>\n<div id=\"attachment_1649\" style=\"width: 486px\" class=\"wp-caption aligncenter\"><a href=\"https:\/\/www.dr-thomas-hartung.de\/wp-content\/uploads\/2013\/09\/010a.jpg\"><img aria-describedby=\"caption-attachment-1649\" decoding=\"async\" loading=\"lazy\" class=\"size-full wp-image-1649\" title=\"010a\" src=\"https:\/\/www.dr-thomas-hartung.de\/wp-content\/uploads\/2013\/09\/010a.jpg\" alt=\"Spenden\u00fcbergabe mit dem KV Mei\u00dfen i.G. an eine flutgesch\u00e4digte Familie in Kreinitz. Foto: Jens Simmank\" width=\"476\" height=\"316\" srcset=\"https:\/\/www.dr-thomas-hartung.de\/wp-content\/uploads\/2013\/09\/010a.jpg 1024w, https:\/\/www.dr-thomas-hartung.de\/wp-content\/uploads\/2013\/09\/010a-300x200.jpg 300w\" sizes=\"(max-width: 476px) 100vw, 476px\" \/><\/a><p id=\"caption-attachment-1649\" class=\"wp-caption-text\">Spenden\u00fcbergabe mit dem KV Mei\u00dfen i.G. an eine flutgesch\u00e4digte Familie in Kreinitz. Foto: Jens Simmank<\/p><\/div><br>\n<div id=\"attachment_3073\" style=\"width: 561px\" class=\"wp-caption aligncenter\"><a href=\"https:\/\/www.dr-thomas-hartung.de\/wp-content\/uploads\/2013\/09\/Vorstand-Zwickau-2014.jpg\"><img aria-describedby=\"caption-attachment-3073\" decoding=\"async\" loading=\"lazy\" class=\"size-large wp-image-3073\" title=\"Vorstand Zwickau 2014\" src=\"https:\/\/www.dr-thomas-hartung.de\/wp-content\/uploads\/2013\/09\/Vorstand-Zwickau-2014-1024x682.jpg\" alt=\"Neuer Vorstand zum Zwickauer Programmparteitag 2014.\" width=\"551\" height=\"366\" srcset=\"https:\/\/www.dr-thomas-hartung.de\/wp-content\/uploads\/2013\/09\/Vorstand-Zwickau-2014-1024x682.jpg 1024w, https:\/\/www.dr-thomas-hartung.de\/wp-content\/uploads\/2013\/09\/Vorstand-Zwickau-2014-300x200.jpg 300w, https:\/\/www.dr-thomas-hartung.de\/wp-content\/uploads\/2013\/09\/Vorstand-Zwickau-2014.jpg 1200w\" sizes=\"(max-width: 551px) 100vw, 551px\" \/><\/a><p id=\"caption-attachment-3073\" class=\"wp-caption-text\">Neuer Vorstand zum Zwickauer Programmparteitag 2014. Foto: Bodo Herold<\/p><\/div><br>\n<div id=\"attachment_1650\" style=\"width: 493px\" class=\"wp-caption aligncenter\"><a href=\"https:\/\/www.dr-thomas-hartung.de\/wp-content\/uploads\/2013\/09\/AfD-Riesa-Informationsveranstaltung-008.jpg\"><img aria-describedby=\"caption-attachment-1650\" decoding=\"async\" loading=\"lazy\" class=\"size-full wp-image-1650  \" title=\"AfD Riesa Informationsveranstaltung 008\" src=\"https:\/\/www.dr-thomas-hartung.de\/wp-content\/uploads\/2013\/09\/AfD-Riesa-Informationsveranstaltung-008.jpg\" alt=\"Interview mit Riesa TV. Foto: Olaf Hentschel\" width=\"483\" height=\"324\"><\/a><p id=\"caption-attachment-1650\" class=\"wp-caption-text\">Interview mit Riesa TV. Foto: Olaf Hentschel<\/p><\/div><br>\n<div id=\"attachment_1651\" style=\"width: 496px\" class=\"wp-caption aligncenter\"><a href=\"https:\/\/www.dr-thomas-hartung.de\/wp-content\/uploads\/2013\/09\/Lucke-Plauen.jpg\"><img aria-describedby=\"caption-attachment-1651\" decoding=\"async\" loading=\"lazy\" class=\"size-full wp-image-1651 \" title=\"Lucke Plauen\" src=\"https:\/\/www.dr-thomas-hartung.de\/wp-content\/uploads\/2013\/09\/Lucke-Plauen.jpg\" alt=\"Wahlkampf mit Bernd Lucke in Plauen. Foto: Jens Simmank\" width=\"486\" height=\"363\"><\/a><p id=\"caption-attachment-1651\" class=\"wp-caption-text\">Wahlkampf mit Bernd Lucke in Plauen. Foto: Jens Simmank<\/p><\/div><\/p>\n<p style=\"text-align: center;\">\n<\/p><p><div id=\"attachment_1666\" style=\"width: 496px\" class=\"wp-caption aligncenter\"><a href=\"https:\/\/www.dr-thomas-hartung.de\/wp-content\/uploads\/2013\/09\/Bautzen-5.jpg\"><img aria-describedby=\"caption-attachment-1666\" decoding=\"async\" loading=\"lazy\" class=\"size-full wp-image-1666   \" title=\"Bautzen-5\" src=\"https:\/\/www.dr-thomas-hartung.de\/wp-content\/uploads\/2013\/09\/Bautzen-5.jpg\" alt=\"AfD-Mobiltour mit Frauke Petry in Bautzen. Foto: Bodo Herold\" width=\"486\" height=\"324\" srcset=\"https:\/\/www.dr-thomas-hartung.de\/wp-content\/uploads\/2013\/09\/Bautzen-5.jpg 1000w, https:\/\/www.dr-thomas-hartung.de\/wp-content\/uploads\/2013\/09\/Bautzen-5-300x200.jpg 300w\" sizes=\"(max-width: 486px) 100vw, 486px\" \/><\/a><p id=\"caption-attachment-1666\" class=\"wp-caption-text\">AfD-Mobiltour mit Dr. Frauke Petry in Bautzen. Foto: Bodo Herold<\/p><\/div><br>\n<div id=\"attachment_1652\" style=\"width: 492px\" class=\"wp-caption aligncenter\"><a href=\"https:\/\/www.dr-thomas-hartung.de\/wp-content\/uploads\/2013\/09\/Bild1.jpg\"><img aria-describedby=\"caption-attachment-1652\" decoding=\"async\" loading=\"lazy\" class=\"size-full wp-image-1652\" title=\"Bild1\" src=\"https:\/\/www.dr-thomas-hartung.de\/wp-content\/uploads\/2013\/09\/Bild1.jpg\" alt=\"Interview mit der Serbske Noviny zu den Problemen Minderheiten, Kultur und Lausitzer Kohle.\" width=\"482\" height=\"474\"><\/a><p id=\"caption-attachment-1652\" class=\"wp-caption-text\">Interview mit der SN zu den Problemen Minderheiten, Kultur und Lausitzer Kohle.<\/p><\/div><\/p>\n<p>Die \u00dcbersetzung ist<a href=\"https:\/\/www.dr-thomas-hartung.de\/wp-content\/uploads\/2013\/09\/BZ-Wahlkampf-AfD-Interview-mit-Dr.-Hartung-13-08-10.pdf\" target=\"_blank\" rel=\"noopener noreferrer\"> hier <\/a>nachzulesen.<\/p>\n<p><div id=\"attachment_1678\" style=\"width: 494px\" class=\"wp-caption aligncenter\"><a href=\"https:\/\/www.dr-thomas-hartung.de\/wp-content\/uploads\/2013\/09\/20130908_123739.jpg\"><img aria-describedby=\"caption-attachment-1678\" decoding=\"async\" loading=\"lazy\" class=\"size-full wp-image-1678\" title=\"20130908_123739\" src=\"https:\/\/www.dr-thomas-hartung.de\/wp-content\/uploads\/2013\/09\/20130908_123739.jpg\" alt=\"Zum AfD-Flohmarkt am &quot;Tag des Offenen Denkmals&quot; im Rittergut Kleinwolmsdorf. Foto: privat\" width=\"484\" height=\"362\" srcset=\"https:\/\/www.dr-thomas-hartung.de\/wp-content\/uploads\/2013\/09\/20130908_123739.jpg 630w, https:\/\/www.dr-thomas-hartung.de\/wp-content\/uploads\/2013\/09\/20130908_123739-300x224.jpg 300w\" sizes=\"(max-width: 484px) 100vw, 484px\" \/><\/a><p id=\"caption-attachment-1678\" class=\"wp-caption-text\">Zum AfD-Flohmarkt am &#8222;Tag des Offenen Denkmals&#8220; im Rittergut Kleinwolmsdorf. Foto: privat<\/p><\/div><br>\n<div id=\"attachment_1664\" style=\"width: 503px\" class=\"wp-caption aligncenter\"><a href=\"https:\/\/www.dr-thomas-hartung.de\/wp-content\/uploads\/2013\/09\/Untitled-7DTH.jpg\"><img aria-describedby=\"caption-attachment-1664\" decoding=\"async\" loading=\"lazy\" class=\"size-large wp-image-1664 \" title=\"Untitled-7DTH\" src=\"https:\/\/www.dr-thomas-hartung.de\/wp-content\/uploads\/2013\/09\/Untitled-7DTH-720x1024.jpg\" alt=\"Wahlkampf vor allem zu Wissenschafts- und Hochschulpolitik\" width=\"493\" height=\"704\"><\/a><p id=\"caption-attachment-1664\" class=\"wp-caption-text\">Wahlkampf vor allem zu Wissenschafts- und Hochschulpolitik. Foto: privat<\/p><\/div><\/p>\n<p style=\"text-align: center;\">\n<\/p><div id=\"attachment_1669\" style=\"width: 514px\" class=\"wp-caption aligncenter\"><a href=\"https:\/\/www.dr-thomas-hartung.de\/wp-content\/uploads\/2013\/09\/971649_213994068764356_716255922_n.jpg\"><img aria-describedby=\"caption-attachment-1669\" decoding=\"async\" loading=\"lazy\" class=\"size-full wp-image-1669 \" title=\"971649_213994068764356_716255922_n\" src=\"https:\/\/www.dr-thomas-hartung.de\/wp-content\/uploads\/2013\/09\/971649_213994068764356_716255922_n.jpg\" alt=\"Mit Dr. Georg Metz, stellv. Bundesgesch\u00e4ftsf\u00fchrer, und Dr. Glockler, KV Dresden, zu Gast in Gro\u00dfenhain. Foto: Olaf Hentschel\" width=\"504\" height=\"284\" srcset=\"https:\/\/www.dr-thomas-hartung.de\/wp-content\/uploads\/2013\/09\/971649_213994068764356_716255922_n.jpg 720w, https:\/\/www.dr-thomas-hartung.de\/wp-content\/uploads\/2013\/09\/971649_213994068764356_716255922_n-300x168.jpg 300w\" sizes=\"(max-width: 504px) 100vw, 504px\" \/><\/a><p id=\"caption-attachment-1669\" class=\"wp-caption-text\">Mit Dr. Georg Metz, stellv. Bundesgesch\u00e4ftsf\u00fchrer, und Dr. Glocker, KV Dresden, zu Gast in Gro\u00dfenhain. Foto: Olaf Hentschel<\/p><\/div>\n<p style=\"text-align: center;\">\n<\/p><div id=\"attachment_1672\" style=\"width: 518px\" class=\"wp-caption aligncenter\"><a href=\"https:\/\/www.dr-thomas-hartung.de\/wp-content\/uploads\/2013\/09\/Neues-Bild.jpg\"><img aria-describedby=\"caption-attachment-1672\" decoding=\"async\" loading=\"lazy\" class=\"size-full wp-image-1672 \" title=\"Neues Bild\" src=\"https:\/\/www.dr-thomas-hartung.de\/wp-content\/uploads\/2013\/09\/Neues-Bild.jpg\" alt=\"Wahlkampf zum &quot;Tag der Sachsen&quot; in Schwarzenberg, u.a. mit Landesschatzmeister Jens Simmank und Sachsens Wahlkampfmanager Uwe Wurlitzer (ganz rechts). Foto: Uwe Schuffenhauer\" width=\"508\" height=\"380\" srcset=\"https:\/\/www.dr-thomas-hartung.de\/wp-content\/uploads\/2013\/09\/Neues-Bild.jpg 630w, https:\/\/www.dr-thomas-hartung.de\/wp-content\/uploads\/2013\/09\/Neues-Bild-300x224.jpg 300w\" sizes=\"(max-width: 508px) 100vw, 508px\" \/><\/a><p id=\"caption-attachment-1672\" class=\"wp-caption-text\">Wahlkampf zum &#8222;Tag der Sachsen&#8220; in Schwarzenberg, u.a. mit Landesschatzmeister Jens Simmank und Sachsens Wahlkampfmanager Uwe Wurlitzer (ganz rechts). Foto: Uwe Schuffenhauer<\/p><\/div>\n<p style=\"text-align: center;\">\n<\/p><div id=\"attachment_1675\" style=\"width: 528px\" class=\"wp-caption aligncenter\"><a href=\"https:\/\/www.dr-thomas-hartung.de\/wp-content\/uploads\/2013\/09\/PICT0043.jpg\"><img aria-describedby=\"caption-attachment-1675\" decoding=\"async\" loading=\"lazy\" class=\"size-large wp-image-1675 \" title=\"KONICA MINOLTA DIGITAL CAMERA\" src=\"https:\/\/www.dr-thomas-hartung.de\/wp-content\/uploads\/2013\/09\/PICT0043-1024x768.jpg\" alt=\"Mit Prof. Dr. Joachim Starbatty in Chemnitz. Foto: Ulrich Oehme\" width=\"518\" height=\"390\"><\/a><p id=\"caption-attachment-1675\" class=\"wp-caption-text\">Mit Prof. Dr. Joachim Starbatty in Chemnitz. Foto: Ulrich Oehme<\/p><\/div>\n<p style=\"text-align: center;\">\n<\/p><div id=\"attachment_1680\" style=\"width: 531px\" class=\"wp-caption aligncenter\"><a href=\"https:\/\/www.dr-thomas-hartung.de\/wp-content\/uploads\/2013\/09\/2013-09-10-13.59.23.jpg\"><img aria-describedby=\"caption-attachment-1680\" decoding=\"async\" loading=\"lazy\" class=\"size-large wp-image-1680 \" title=\"2013-09-10 13.59.23\" src=\"https:\/\/www.dr-thomas-hartung.de\/wp-content\/uploads\/2013\/09\/2013-09-10-13.59.23-1024x768.jpg\" alt=\"Logistik im B\u00fcrgerb\u00fcro Dresden-Neustadt. Foto: Susanne Herrmann\" width=\"521\" height=\"389\"><\/a><p id=\"caption-attachment-1680\" class=\"wp-caption-text\">Logistik im B\u00fcrgerb\u00fcro Dresden-Neustadt. Foto: Susanne Herrmann<\/p><\/div>\n<p style=\"text-align: center;\">\n<\/p><div id=\"attachment_1683\" style=\"width: 538px\" class=\"wp-caption aligncenter\"><a href=\"https:\/\/www.dr-thomas-hartung.de\/wp-content\/uploads\/2013\/09\/Dresden-11.jpg\"><img aria-describedby=\"caption-attachment-1683\" decoding=\"async\" loading=\"lazy\" class=\"size-full wp-image-1683  \" title=\"Dresden-11\" src=\"https:\/\/www.dr-thomas-hartung.de\/wp-content\/uploads\/2013\/09\/Dresden-11.jpg\" alt=\"Wahlkampf in G\u00f6rlitz mit Frauke Petry. Foto: Bodo Herold\" width=\"528\" height=\"352\" srcset=\"https:\/\/www.dr-thomas-hartung.de\/wp-content\/uploads\/2013\/09\/Dresden-11.jpg 1000w, https:\/\/www.dr-thomas-hartung.de\/wp-content\/uploads\/2013\/09\/Dresden-11-300x200.jpg 300w\" sizes=\"(max-width: 528px) 100vw, 528px\" \/><\/a><p id=\"caption-attachment-1683\" class=\"wp-caption-text\">Wahlkampf in G\u00f6rlitz mit Frauke Petry. Foto: Bodo Herold<\/p><\/div>\n<p style=\"text-align: center;\">\n<\/p><p><div id=\"attachment_1685\" style=\"width: 549px\" class=\"wp-caption aligncenter\"><a href=\"https:\/\/www.dr-thomas-hartung.de\/wp-content\/uploads\/2013\/09\/Kamenz-6.jpg\"><img aria-describedby=\"caption-attachment-1685\" decoding=\"async\" loading=\"lazy\" class=\"size-full wp-image-1685 \" title=\"Kamenz-6\" src=\"https:\/\/www.dr-thomas-hartung.de\/wp-content\/uploads\/2013\/09\/Kamenz-6.jpg\" alt=\"Wahlkampf in Kamenz mit Frauke Petry. Foto: Bodo Herold\" width=\"539\" height=\"359\" srcset=\"https:\/\/www.dr-thomas-hartung.de\/wp-content\/uploads\/2013\/09\/Kamenz-6.jpg 1000w, https:\/\/www.dr-thomas-hartung.de\/wp-content\/uploads\/2013\/09\/Kamenz-6-300x200.jpg 300w\" sizes=\"(max-width: 539px) 100vw, 539px\" \/><\/a><p id=\"caption-attachment-1685\" class=\"wp-caption-text\">Wahlkampf in Kamenz mit Frauke Petry. Foto: Bodo Herold<\/p><\/div><br>\n<div id=\"attachment_1690\" style=\"width: 550px\" class=\"wp-caption aligncenter\"><a href=\"https:\/\/www.dr-thomas-hartung.de\/wp-content\/uploads\/2013\/09\/RiesaII.jpg\"><img aria-describedby=\"caption-attachment-1690\" decoding=\"async\" loading=\"lazy\" class=\"size-full wp-image-1690\" title=\"RiesaII\" src=\"https:\/\/www.dr-thomas-hartung.de\/wp-content\/uploads\/2013\/09\/RiesaII.jpg\" alt=\"Wahlkampf in Mei\u00dfen mit Frauke Petry. Foto: Olaf Hentschel\" width=\"540\" height=\"304\" srcset=\"https:\/\/www.dr-thomas-hartung.de\/wp-content\/uploads\/2013\/09\/RiesaII.jpg 960w, https:\/\/www.dr-thomas-hartung.de\/wp-content\/uploads\/2013\/09\/RiesaII-300x169.jpg 300w\" sizes=\"(max-width: 540px) 100vw, 540px\" \/><\/a><p id=\"caption-attachment-1690\" class=\"wp-caption-text\">Wahlkampf in Mei\u00dfen mit Frauke Petry. Foto: Olaf Hentschel<\/p><\/div><br>\n<div id=\"attachment_3068\" style=\"width: 559px\" class=\"wp-caption aligncenter\"><a href=\"https:\/\/www.dr-thomas-hartung.de\/wp-content\/uploads\/2013\/09\/Erfurt-2013.jpg\"><img aria-describedby=\"caption-attachment-3068\" decoding=\"async\" loading=\"lazy\" class=\"size-full wp-image-3068\" title=\"Erfurt 2013\" src=\"https:\/\/www.dr-thomas-hartung.de\/wp-content\/uploads\/2013\/09\/Erfurt-2013.jpg\" alt=\"Wahlkampfunterst\u00fctzung in Erfurt\" width=\"549\" height=\"366\" srcset=\"https:\/\/www.dr-thomas-hartung.de\/wp-content\/uploads\/2013\/09\/Erfurt-2013.jpg 960w, https:\/\/www.dr-thomas-hartung.de\/wp-content\/uploads\/2013\/09\/Erfurt-2013-300x200.jpg 300w\" sizes=\"(max-width: 549px) 100vw, 549px\" \/><\/a><p id=\"caption-attachment-3068\" class=\"wp-caption-text\">Wahlkampfunterst\u00fctzung in Erfurt. Foto: Bodo Herold<\/p><\/div><br>\n<div id=\"attachment_3070\" style=\"width: 562px\" class=\"wp-caption aligncenter\"><a href=\"https:\/\/www.dr-thomas-hartung.de\/wp-content\/uploads\/2013\/09\/lavo2013.jpg\"><img aria-describedby=\"caption-attachment-3070\" decoding=\"async\" loading=\"lazy\" class=\"size-large wp-image-3070\" title=\"lavo2013\" src=\"https:\/\/www.dr-thomas-hartung.de\/wp-content\/uploads\/2013\/09\/lavo2013-1024x682.jpg\" alt=\"Landesvorstandssitzung in Dresden-Neustadt - heute sind es 12 Vorst\u00e4nde, damals war vieles einfacher, Foto: Susanne Hermann\" width=\"552\" height=\"389\"><\/a><p id=\"caption-attachment-3070\" class=\"wp-caption-text\">Landesvorstandssitzung in Dresden-Neustadt &#8211; heute sind es 12 Vorst\u00e4nde, damals war vieles einfacher. Foto: Susanne Hermann<\/p><\/div><br>\n<div id=\"attachment_3069\" style=\"width: 558px\" class=\"wp-caption aligncenter\"><a href=\"https:\/\/www.dr-thomas-hartung.de\/wp-content\/uploads\/2013\/09\/Wahlkampf-Mei\u00dfen.jpg\"><img aria-describedby=\"caption-attachment-3069\" decoding=\"async\" loading=\"lazy\" class=\"size-full wp-image-3069\" title=\"Wahlkampf Mei\u00dfen\" src=\"https:\/\/www.dr-thomas-hartung.de\/wp-content\/uploads\/2013\/09\/Wahlkampf-Mei\u00dfen.jpg\" alt=\"Zu Gast beim jungen KV Mei\u00dfen\" width=\"548\" height=\"308\" srcset=\"https:\/\/www.dr-thomas-hartung.de\/wp-content\/uploads\/2013\/09\/Wahlkampf-Mei\u00dfen.jpg 960w, https:\/\/www.dr-thomas-hartung.de\/wp-content\/uploads\/2013\/09\/Wahlkampf-Mei\u00dfen-300x168.jpg 300w\" sizes=\"(max-width: 548px) 100vw, 548px\" \/><\/a><p id=\"caption-attachment-3069\" class=\"wp-caption-text\">Zu Gast beim jungen KV Mei\u00dfen mit den sp\u00e4teren MdL Detlev Spangenberg und Mario Beger. Foto: unbekannt<\/p><\/div><\/p>\n<p style=\"text-align: center;\"><a href=\"https:\/\/www.dr-thomas-hartung.de\/wp-content\/uploads\/2013\/09\/erf.jpg\"><img decoding=\"async\" loading=\"lazy\" class=\"size-full wp-image-1657 aligncenter\" title=\"erf\" src=\"https:\/\/www.dr-thomas-hartung.de\/wp-content\/uploads\/2013\/09\/erf.jpg\" alt=\"Vor Bernd Luckes Auftritt in Dresden. Foto: Olaf Hentzschel\" width=\"546\" height=\"305\"><\/a>Vor Bernd Luckes Auftritt in Dresden, wieder mit Dr. Georg Metz. Foto: Olaf Hentschel<\/p>\n<p style=\"text-align: center;\">\n<\/p><div id=\"attachment_3071\" style=\"width: 562px\" class=\"wp-caption aligncenter\"><a href=\"https:\/\/www.dr-thomas-hartung.de\/wp-content\/uploads\/2013\/09\/Bild11.jpg\"><img aria-describedby=\"caption-attachment-3071\" decoding=\"async\" loading=\"lazy\" class=\"size-large wp-image-3071\" title=\"Bild1\" src=\"https:\/\/www.dr-thomas-hartung.de\/wp-content\/uploads\/2013\/09\/Bild11-1024x561.jpg\" alt=\"Wahlkampfabschluss auf der Elbe mit der sp\u00e4teren MdL Karin Wilke und dem sp\u00e4teren Stadtratsfraktionschef Bernd Lommel\" width=\"552\" height=\"302\" srcset=\"https:\/\/www.dr-thomas-hartung.de\/wp-content\/uploads\/2013\/09\/Bild11-1024x561.jpg 1024w, https:\/\/www.dr-thomas-hartung.de\/wp-content\/uploads\/2013\/09\/Bild11-300x164.jpg 300w, https:\/\/www.dr-thomas-hartung.de\/wp-content\/uploads\/2013\/09\/Bild11.jpg 1487w\" sizes=\"(max-width: 552px) 100vw, 552px\" \/><\/a><p id=\"caption-attachment-3071\" class=\"wp-caption-text\">Wahlkampfabschluss auf der Elbe mit der sp\u00e4teren MdL Karin Wilke und dem sp\u00e4teren Stadtratsfraktionschef Bernd Lommel. Foto: Marco Klinger<\/p><\/div>\n<p><a href=\"https:\/\/www.dr-thomas-hartung.de\/wp-content\/uploads\/2013\/09\/WP_20130922_018.jpg\"><img decoding=\"async\" loading=\"lazy\" class=\"size-large wp-image-1700   \" title=\"WP_20130922_018\" src=\"https:\/\/www.dr-thomas-hartung.de\/wp-content\/uploads\/2013\/09\/WP_20130922_018-1024x764.jpg\" alt=\"Dresdner &quot;Elefantenrunde&quot; zur knapp verlorenen Wahl beim mdr. Foto: Berko Th\u00fcrmer\" width=\"542\" height=\"403\" srcset=\"https:\/\/www.dr-thomas-hartung.de\/wp-content\/uploads\/2013\/09\/WP_20130922_018-1024x764.jpg 1024w, https:\/\/www.dr-thomas-hartung.de\/wp-content\/uploads\/2013\/09\/WP_20130922_018-300x223.jpg 300w\" sizes=\"(max-width: 542px) 100vw, 542px\" \/><\/a><\/p>\n<p>Dresdner &#8222;Elefantenrunde&#8220; zur knapp verlorenen Wahl beim mdr. Foto: Berko Th\u00fcrmer<\/p>\n<p><div id=\"attachment_3072\" style=\"width: 561px\" class=\"wp-caption aligncenter\"><a href=\"https:\/\/www.dr-thomas-hartung.de\/wp-content\/uploads\/2013\/09\/WK-Ortsgruppe-2015.jpg\"><img aria-describedby=\"caption-attachment-3072\" decoding=\"async\" loading=\"lazy\" class=\"size-full wp-image-3072\" title=\"WK Ortsgruppe 2015\" src=\"https:\/\/www.dr-thomas-hartung.de\/wp-content\/uploads\/2013\/09\/WK-Ortsgruppe-2015.jpg\" alt=\"Wahlkampf zur Dresdner OB-Wahl mit meiner Ortsgruppe in Pieschen\" width=\"551\" height=\"413\" srcset=\"https:\/\/www.dr-thomas-hartung.de\/wp-content\/uploads\/2013\/09\/WK-Ortsgruppe-2015.jpg 1024w, https:\/\/www.dr-thomas-hartung.de\/wp-content\/uploads\/2013\/09\/WK-Ortsgruppe-2015-300x225.jpg 300w\" sizes=\"(max-width: 551px) 100vw, 551px\" \/><\/a><p id=\"caption-attachment-3072\" class=\"wp-caption-text\">Wahlkampf zur Dresdner OB-Wahl 2015 mit meiner Ortsgruppe in Pieschen. Foto: Gisela Keiler<\/p><\/div><br>\n<div id=\"attachment_3074\" style=\"width: 560px\" class=\"wp-caption aligncenter\"><a href=\"https:\/\/www.dr-thomas-hartung.de\/wp-content\/uploads\/2013\/09\/Kommu-LE-2015.jpg\"><img aria-describedby=\"caption-attachment-3074\" decoding=\"async\" loading=\"lazy\" class=\"size-full wp-image-3074\" title=\"Kommu LE 2015\" src=\"https:\/\/www.dr-thomas-hartung.de\/wp-content\/uploads\/2013\/09\/Kommu-LE-2015.jpg\" alt=\"Kommunalwahlkampf in Leipzig f\u00fcr den sp\u00e4teren Stadtrat Holger Hentschel mit Andre Wendt (MdL). \" width=\"550\" height=\"412\" srcset=\"https:\/\/www.dr-thomas-hartung.de\/wp-content\/uploads\/2013\/09\/Kommu-LE-2015.jpg 960w, https:\/\/www.dr-thomas-hartung.de\/wp-content\/uploads\/2013\/09\/Kommu-LE-2015-300x225.jpg 300w\" sizes=\"(max-width: 550px) 100vw, 550px\" \/><\/a><p id=\"caption-attachment-3074\" class=\"wp-caption-text\">Kommunalwahlkampf in Leipzig f\u00fcr den sp\u00e4teren Stadtrat Holger Hentschel mit Andre Wendt (MdL).Foto: AfD Leipzig<\/p><\/div><\/p>\n<p style=\"text-align: center;\">\n<\/p><p><div id=\"attachment_3076\" style=\"width: 559px\" class=\"wp-caption aligncenter\"><a href=\"https:\/\/www.dr-thomas-hartung.de\/wp-content\/uploads\/2013\/09\/Bild2.jpg\"><img aria-describedby=\"caption-attachment-3076\" decoding=\"async\" loading=\"lazy\" class=\"size-full wp-image-3076\" title=\"Bild2\" src=\"https:\/\/www.dr-thomas-hartung.de\/wp-content\/uploads\/2013\/09\/Bild2.jpg\" alt=\"Kommunikationsschulung f\u00fcr die neuen Leipziger Stadtr\u00e4te. Foto: J\u00f6rg K\u00fchne\" width=\"549\" height=\"411\" srcset=\"https:\/\/www.dr-thomas-hartung.de\/wp-content\/uploads\/2013\/09\/Bild2.jpg 948w, https:\/\/www.dr-thomas-hartung.de\/wp-content\/uploads\/2013\/09\/Bild2-300x225.jpg 300w\" sizes=\"(max-width: 549px) 100vw, 549px\" \/><\/a><p id=\"caption-attachment-3076\" class=\"wp-caption-text\">Kommunikationsschulung f\u00fcr die neuen Leipziger Stadtr\u00e4te. Foto: J\u00f6rg K\u00fchne<\/p><\/div><br>\n<div id=\"attachment_3075\" style=\"width: 560px\" class=\"wp-caption aligncenter\"><a href=\"https:\/\/www.dr-thomas-hartung.de\/wp-content\/uploads\/2013\/09\/Kreisvorstandssitzung-Dresden-2015.jpg\"><img aria-describedby=\"caption-attachment-3075\" decoding=\"async\" loading=\"lazy\" class=\"size-large wp-image-3075\" title=\"Kreisvorstandssitzung Dresden 2015\" src=\"https:\/\/www.dr-thomas-hartung.de\/wp-content\/uploads\/2013\/09\/Kreisvorstandssitzung-Dresden-2015-1024x768.jpg\" alt=\"Vorstandssitzung KV Dresden mit dem 200. Mitglied\" width=\"550\" height=\"412\" srcset=\"https:\/\/www.dr-thomas-hartung.de\/wp-content\/uploads\/2013\/09\/Kreisvorstandssitzung-Dresden-2015-1024x768.jpg 1024w, https:\/\/www.dr-thomas-hartung.de\/wp-content\/uploads\/2013\/09\/Kreisvorstandssitzung-Dresden-2015-300x225.jpg 300w, https:\/\/www.dr-thomas-hartung.de\/wp-content\/uploads\/2013\/09\/Kreisvorstandssitzung-Dresden-2015.jpg 1577w\" sizes=\"(max-width: 550px) 100vw, 550px\" \/><\/a><p id=\"caption-attachment-3075\" class=\"wp-caption-text\">Vorstandssitzung KV Dresden 2015 mit dem 200. Mitglied Maria Bergmann. Foto: J\u00fcrgen Schulz<\/p><\/div><br>\n<div id=\"attachment_3077\" style=\"width: 554px\" class=\"wp-caption aligncenter\"><a href=\"https:\/\/www.dr-thomas-hartung.de\/wp-content\/uploads\/2013\/09\/Vortrag-SOE-2015.jpg\"><img aria-describedby=\"caption-attachment-3077\" decoding=\"async\" loading=\"lazy\" class=\"size-large wp-image-3077\" title=\"Vortrag SOE 2015\" src=\"https:\/\/www.dr-thomas-hartung.de\/wp-content\/uploads\/2013\/09\/Vortrag-SOE-2015-1024x576.jpg\" alt=\"Gender-Vortrag im KV S\u00e4chsische Schweiz.\" width=\"544\" height=\"306\" srcset=\"https:\/\/www.dr-thomas-hartung.de\/wp-content\/uploads\/2013\/09\/Vortrag-SOE-2015-1024x576.jpg 1024w, https:\/\/www.dr-thomas-hartung.de\/wp-content\/uploads\/2013\/09\/Vortrag-SOE-2015-300x168.jpg 300w, https:\/\/www.dr-thomas-hartung.de\/wp-content\/uploads\/2013\/09\/Vortrag-SOE-2015.jpg 1280w\" sizes=\"(max-width: 544px) 100vw, 544px\" \/><\/a><p id=\"caption-attachment-3077\" class=\"wp-caption-text\">Gender-Vortrag im KV S\u00e4chsische Schweiz. Foto: Tobias Fuchs<\/p><\/div><br>\n<div id=\"attachment_3078\" style=\"width: 560px\" class=\"wp-caption aligncenter\"><a href=\"https:\/\/www.dr-thomas-hartung.de\/wp-content\/uploads\/2013\/09\/Rede-Markneuk2016.jpg\"><img aria-describedby=\"caption-attachment-3078\" decoding=\"async\" loading=\"lazy\" class=\"size-full wp-image-3078\" title=\"Rede Markneuk2016\" src=\"https:\/\/www.dr-thomas-hartung.de\/wp-content\/uploads\/2013\/09\/Rede-Markneuk2016.jpg\" alt=\"Bewerbungsrede als Landesvize in Markneukirchen 2016. Foto: Andreas Harlass\" width=\"550\" height=\"412\" srcset=\"https:\/\/www.dr-thomas-hartung.de\/wp-content\/uploads\/2013\/09\/Rede-Markneuk2016.jpg 960w, https:\/\/www.dr-thomas-hartung.de\/wp-content\/uploads\/2013\/09\/Rede-Markneuk2016-300x225.jpg 300w\" sizes=\"(max-width: 550px) 100vw, 550px\" \/><\/a><p id=\"caption-attachment-3078\" class=\"wp-caption-text\">Bewerbungsrede als Landesvize in Markneukirchen 2016. Foto: Andreas Harlass<\/p><\/div><br>\n<div id=\"attachment_3079\" style=\"width: 558px\" class=\"wp-caption aligncenter\"><a href=\"https:\/\/www.dr-thomas-hartung.de\/wp-content\/uploads\/2013\/09\/LaVo-2016.jpg\"><img aria-describedby=\"caption-attachment-3079\" decoding=\"async\" loading=\"lazy\" class=\"size-large wp-image-3079\" title=\"LaVo 2016\" src=\"https:\/\/www.dr-thomas-hartung.de\/wp-content\/uploads\/2013\/09\/LaVo-2016-1024x546.jpg\" alt=\"Der neue und bislang gr\u00f6\u00dfte Landesvorstand. Foto: Andreas Harlass\" width=\"548\" height=\"300\"><\/a><p id=\"caption-attachment-3079\" class=\"wp-caption-text\">Der neue und bislang gr\u00f6\u00dfte Landesvorstand. Foto: Andreas Harlass<\/p><\/div><br>\n<div id=\"attachment_3080\" style=\"width: 560px\" class=\"wp-caption aligncenter\"><a href=\"https:\/\/www.dr-thomas-hartung.de\/wp-content\/uploads\/2013\/09\/SOE-2016.jpg\"><img aria-describedby=\"caption-attachment-3080\" decoding=\"async\" loading=\"lazy\" class=\"size-large wp-image-3080\" title=\"SOE 2016\" src=\"https:\/\/www.dr-thomas-hartung.de\/wp-content\/uploads\/2013\/09\/SOE-2016-1024x576.jpg\" alt=\"Versammlungsleitung beim KV SOE in Pirna. Foto: Tobias Fuchs\" width=\"550\" height=\"309\" srcset=\"https:\/\/www.dr-thomas-hartung.de\/wp-content\/uploads\/2013\/09\/SOE-2016-1024x576.jpg 1024w, https:\/\/www.dr-thomas-hartung.de\/wp-content\/uploads\/2013\/09\/SOE-2016-300x168.jpg 300w, https:\/\/www.dr-thomas-hartung.de\/wp-content\/uploads\/2013\/09\/SOE-2016.jpg 1280w\" sizes=\"(max-width: 550px) 100vw, 550px\" \/><\/a><p id=\"caption-attachment-3080\" class=\"wp-caption-text\">Versammlungsleitung beim KV SOE in Pirna. Foto: Tobias Fuchs<\/p><\/div><br>\n<div id=\"attachment_3081\" style=\"width: 558px\" class=\"wp-caption aligncenter\"><a href=\"https:\/\/www.dr-thomas-hartung.de\/wp-content\/uploads\/2013\/09\/Protest-gegen-Wulff-2016.jpg\"><img aria-describedby=\"caption-attachment-3081\" decoding=\"async\" loading=\"lazy\" class=\"size-large wp-image-3081\" title=\"Protest gegen Wulff 2016\" src=\"https:\/\/www.dr-thomas-hartung.de\/wp-content\/uploads\/2013\/09\/Protest-gegen-Wulff-2016-1024x767.jpg\" alt=\"Dresdner Protest gegen einen Auftritt des Ex-Bundespr\u00e4sidenten und seine haneb\u00fcchenen Aussage\" width=\"548\" height=\"410\" srcset=\"https:\/\/www.dr-thomas-hartung.de\/wp-content\/uploads\/2013\/09\/Protest-gegen-Wulff-2016-1024x767.jpg 1024w, https:\/\/www.dr-thomas-hartung.de\/wp-content\/uploads\/2013\/09\/Protest-gegen-Wulff-2016-300x224.jpg 300w, https:\/\/www.dr-thomas-hartung.de\/wp-content\/uploads\/2013\/09\/Protest-gegen-Wulff-2016.jpg 1334w\" sizes=\"(max-width: 548px) 100vw, 548px\" \/><\/a><p id=\"caption-attachment-3081\" class=\"wp-caption-text\">Dresdner Protest gegen einen Auftritt des Ex-Bundespr\u00e4sidenten und seine haneb\u00fcchene Aussage. Foto: J\u00fcrgen Schulz<\/p><\/div><br>\n<div id=\"attachment_3082\" style=\"width: 559px\" class=\"wp-caption aligncenter\"><a href=\"https:\/\/www.dr-thomas-hartung.de\/wp-content\/uploads\/2013\/09\/Zwickau2016.jpg\"><img aria-describedby=\"caption-attachment-3082\" decoding=\"async\" loading=\"lazy\" class=\"size-large wp-image-3082\" title=\"Zwickau2016\" src=\"https:\/\/www.dr-thomas-hartung.de\/wp-content\/uploads\/2013\/09\/Zwickau2016-1024x768.jpg\" alt=\"Referat zum Teil &quot;Bildung&quot; des Stuttgarter Programms beim KV Zwickau.\" width=\"549\" height=\"411\" srcset=\"https:\/\/www.dr-thomas-hartung.de\/wp-content\/uploads\/2013\/09\/Zwickau2016-1024x768.jpg 1024w, https:\/\/www.dr-thomas-hartung.de\/wp-content\/uploads\/2013\/09\/Zwickau2016-300x225.jpg 300w, https:\/\/www.dr-thomas-hartung.de\/wp-content\/uploads\/2013\/09\/Zwickau2016.jpg 2048w\" sizes=\"(max-width: 549px) 100vw, 549px\" \/><\/a><p id=\"caption-attachment-3082\" class=\"wp-caption-text\">Referat zum Teil &#8222;Bildung&#8220; des Stuttgarter Programms beim KV Zwickau. Foto: Uwe Schuffenhauer<\/p><\/div><br>\n<div id=\"attachment_3083\" style=\"width: 553px\" class=\"wp-caption aligncenter\"><a href=\"https:\/\/www.dr-thomas-hartung.de\/wp-content\/uploads\/2013\/09\/2016-Kenz.jpg\"><img aria-describedby=\"caption-attachment-3083\" decoding=\"async\" loading=\"lazy\" class=\"size-full wp-image-3083\" title=\"2016 Kenz\" src=\"https:\/\/www.dr-thomas-hartung.de\/wp-content\/uploads\/2013\/09\/2016-Kenz.jpg\" alt=\"Landtagswahlkampf MV mit dem Dar\u00dfer Direktkandidaten R\u00fcdiger Pre\u00df. Foto: Heike Neubert\" width=\"543\" height=\"725\" srcset=\"https:\/\/www.dr-thomas-hartung.de\/wp-content\/uploads\/2013\/09\/2016-Kenz.jpg 540w, https:\/\/www.dr-thomas-hartung.de\/wp-content\/uploads\/2013\/09\/2016-Kenz-225x300.jpg 225w\" sizes=\"(max-width: 543px) 100vw, 543px\" \/><\/a><p id=\"caption-attachment-3083\" class=\"wp-caption-text\">Landtagswahlkampf MV mit dem Dar\u00dfer Direktkandidaten R\u00fcdiger Pre\u00df. Foto: Heike Neubert<\/p><\/div><br>\n<div id=\"attachment_3084\" style=\"width: 561px\" class=\"wp-caption aligncenter\"><a href=\"https:\/\/www.dr-thomas-hartung.de\/wp-content\/uploads\/2013\/09\/Stadtrat-2016.jpg\"><img aria-describedby=\"caption-attachment-3084\" decoding=\"async\" loading=\"lazy\" class=\"size-full wp-image-3084\" title=\"Stadtrat 2016\" src=\"https:\/\/www.dr-thomas-hartung.de\/wp-content\/uploads\/2013\/09\/Stadtrat-2016.jpg\" alt=\"Zu Gast bei der Dresdner Stadtratsfraktion zur Vorbereitung der Asyl-Sitzung. Ich erhielt als erster B\u00fcrger nach 1990 Redeverbot.\" width=\"551\" height=\"551\" srcset=\"https:\/\/www.dr-thomas-hartung.de\/wp-content\/uploads\/2013\/09\/Stadtrat-2016.jpg 720w, https:\/\/www.dr-thomas-hartung.de\/wp-content\/uploads\/2013\/09\/Stadtrat-2016-150x150.jpg 150w, https:\/\/www.dr-thomas-hartung.de\/wp-content\/uploads\/2013\/09\/Stadtrat-2016-300x300.jpg 300w\" sizes=\"(max-width: 551px) 100vw, 551px\" \/><\/a><p id=\"caption-attachment-3084\" class=\"wp-caption-text\">Zu Gast bei der Dresdner Stadtratsfraktion mit MdL Andre Barth zur Vorbereitung der Asyl-Sitzung. Ich erhielt als erster B\u00fcrger nach 1990 Redeverbot. Foto: Dirk Taphorn<\/p><\/div><\/p>\n<p><a href=\"https:\/\/www.dr-thomas-hartung.de\/wp-content\/uploads\/2013\/09\/Winter-2016-Demo-in-Pirna.jpg\"><img decoding=\"async\" loading=\"lazy\" class=\"size-large wp-image-3086\" title=\"Winter 2016 Demo in Pirna\" src=\"https:\/\/www.dr-thomas-hartung.de\/wp-content\/uploads\/2013\/09\/Winter-2016-Demo-in-Pirna-1024x576.jpg\" alt=\"Frierende Chefin und frierender Vize vor einer Demo in Pirna. Foto: Tobias Fuchs\" width=\"548\" height=\"308\" srcset=\"https:\/\/www.dr-thomas-hartung.de\/wp-content\/uploads\/2013\/09\/Winter-2016-Demo-in-Pirna-1024x576.jpg 1024w, https:\/\/www.dr-thomas-hartung.de\/wp-content\/uploads\/2013\/09\/Winter-2016-Demo-in-Pirna-300x168.jpg 300w, https:\/\/www.dr-thomas-hartung.de\/wp-content\/uploads\/2013\/09\/Winter-2016-Demo-in-Pirna.jpg 1280w\" sizes=\"(max-width: 548px) 100vw, 548px\" \/><\/a><\/p>\n<p>Frierende Chefin und frierender Vize, gut bewacht vor einer Demo in Pirna. Foto: Tobias Fuchs<\/p>\n<p><div id=\"attachment_3087\" style=\"width: 559px\" class=\"wp-caption aligncenter\"><a href=\"https:\/\/www.dr-thomas-hartung.de\/wp-content\/uploads\/2013\/09\/PK-Mei-2017.jpg\"><img aria-describedby=\"caption-attachment-3087\" decoding=\"async\" loading=\"lazy\" class=\"size-full wp-image-3087\" title=\"PK Mei 2017\" src=\"https:\/\/www.dr-thomas-hartung.de\/wp-content\/uploads\/2013\/09\/PK-Mei-2017.jpg\" alt=\"Pressekonferenz im KV Mei\u00dfen nach der Wahl von Carsten H\u00fctter (MdL) zum Direktkandidaten. Foto: Stefan Waldmann\" width=\"549\" height=\"310\" srcset=\"https:\/\/www.dr-thomas-hartung.de\/wp-content\/uploads\/2013\/09\/PK-Mei-2017.jpg 960w, https:\/\/www.dr-thomas-hartung.de\/wp-content\/uploads\/2013\/09\/PK-Mei-2017-300x169.jpg 300w\" sizes=\"(max-width: 549px) 100vw, 549px\" \/><\/a><p id=\"caption-attachment-3087\" class=\"wp-caption-text\">Pressekonferenz im KV Mei\u00dfen nach der Wahl von Carsten H\u00fctter (MdL) zum Direktkandidaten. Foto: Stefan Waldmann<\/p><\/div><br>\n<div id=\"attachment_3088\" style=\"width: 557px\" class=\"wp-caption aligncenter\"><a href=\"https:\/\/www.dr-thomas-hartung.de\/wp-content\/uploads\/2013\/09\/Groitzsch2017.jpg\"><img aria-describedby=\"caption-attachment-3088\" decoding=\"async\" loading=\"lazy\" class=\"size-large wp-image-3088\" title=\"Groitzsch2017\" src=\"https:\/\/www.dr-thomas-hartung.de\/wp-content\/uploads\/2013\/09\/Groitzsch2017-1024x576.jpg\" alt=\"Pressebetreuung von Anja Chalet (ZDF) zum Parteitag in Groitsch. Foto: Ralf Nahlob\" width=\"547\" height=\"307\" srcset=\"https:\/\/www.dr-thomas-hartung.de\/wp-content\/uploads\/2013\/09\/Groitzsch2017-1024x576.jpg 1024w, https:\/\/www.dr-thomas-hartung.de\/wp-content\/uploads\/2013\/09\/Groitzsch2017-300x168.jpg 300w, https:\/\/www.dr-thomas-hartung.de\/wp-content\/uploads\/2013\/09\/Groitzsch2017.jpg 1280w\" sizes=\"(max-width: 547px) 100vw, 547px\" \/><\/a><p id=\"caption-attachment-3088\" class=\"wp-caption-text\">Pressebetreuung von Anja Chalet (ZDF) zum Parteitag in Groitsch. Foto: Ralf Nahlob<\/p><\/div><br>\n<div id=\"attachment_3089\" style=\"width: 559px\" class=\"wp-caption aligncenter\"><a href=\"https:\/\/www.dr-thomas-hartung.de\/wp-content\/uploads\/2013\/09\/GR2017.jpg\"><img aria-describedby=\"caption-attachment-3089\" decoding=\"async\" loading=\"lazy\" class=\"size-large wp-image-3089\" title=\"GR2017\" src=\"https:\/\/www.dr-thomas-hartung.de\/wp-content\/uploads\/2013\/09\/GR2017-1024x678.jpg\" alt=\"Politischer Aschermittwoch 2017 im KV G\u00f6rlitz. Foto: D.L.Renner\" width=\"549\" height=\"363\" srcset=\"https:\/\/www.dr-thomas-hartung.de\/wp-content\/uploads\/2013\/09\/GR2017-1024x678.jpg 1024w, https:\/\/www.dr-thomas-hartung.de\/wp-content\/uploads\/2013\/09\/GR2017-300x198.jpg 300w, https:\/\/www.dr-thomas-hartung.de\/wp-content\/uploads\/2013\/09\/GR2017.jpg 2048w\" sizes=\"(max-width: 549px) 100vw, 549px\" \/><\/a><p id=\"caption-attachment-3089\" class=\"wp-caption-text\">Politischer Aschermittwoch 2017 im KV G\u00f6rlitz. Foto: D.L.Renner<\/p><\/div><br>\n<div id=\"attachment_3090\" style=\"width: 557px\" class=\"wp-caption aligncenter\"><a href=\"https:\/\/www.dr-thomas-hartung.de\/wp-content\/uploads\/2013\/09\/Sprecher-2017.jpg\"><img aria-describedby=\"caption-attachment-3090\" decoding=\"async\" loading=\"lazy\" class=\"size-full wp-image-3090\" title=\"Sprecher 2017\" src=\"https:\/\/www.dr-thomas-hartung.de\/wp-content\/uploads\/2013\/09\/Sprecher-2017.jpg\" alt=\"Wenn sich Fraktions- und Landessprecher mal privat austauschen ;-) Foto: Madame Harlass\" width=\"547\" height=\"719\" srcset=\"https:\/\/www.dr-thomas-hartung.de\/wp-content\/uploads\/2013\/09\/Sprecher-2017.jpg 709w, https:\/\/www.dr-thomas-hartung.de\/wp-content\/uploads\/2013\/09\/Sprecher-2017-228x300.jpg 228w\" sizes=\"(max-width: 547px) 100vw, 547px\" \/><\/a><p id=\"caption-attachment-3090\" class=\"wp-caption-text\">Wenn sich Fraktions- und Landessprecher mal privat austauschen \ud83d\ude09 Foto: Madame Harlass<\/p><\/div><\/p>\n<p>&lt;iframesrc=&#8220;http: www.facebook.com=&#8220;&#8220; plugins=&#8220;&#8220; like.php?href=&#8220;http%3A%2F%2Fwww.drthomashartung.de%2F%3Fp%3D1645&amp;send=true&amp;layout=standard&amp;width=450&amp;show_faces=true&amp;action=like&amp;colorscheme=light&amp;font&amp;height=80&#8243;&#8220; scrolling=&#8220;no&#8220; frameborder=&#8220;0&#8243; style=&#8220;border:none; overflow:hidden; width:450px; height:80px;&#8220; allowtransparency=&#8220;true&#8220;&gt;&lt;\/iframesrc=&#8220;http:&gt;<\/p>\n\n\n<figure class=\"wp-block-image\"><img decoding=\"async\" src=\"https:\/\/www.dr-thomas-hartung.de\/wp-content\/uploads\/2019\/10\/Adam1.jpg\" alt=\"\" class=\"wp-image-4555\"\/><figcaption class=\"wp-element-caption\">Mit Bundes-Urgestein Konrad Adam im Herbst 2017 zur Gr\u00fcndung der &#8222;Alternativen Mitte&#8220; AM Deutschland im bayrischen Tettau<\/figcaption><\/figure>\n\n\n\n<figure class=\"wp-block-image\"><img decoding=\"async\" loading=\"lazy\" width=\"1024\" height=\"576\" src=\"https:\/\/www.dr-thomas-hartung.de\/wp-content\/uploads\/2019\/10\/Erasmus1-1024x576.jpg\" alt=\"\" class=\"wp-image-4557\"\/><figcaption class=\"wp-element-caption\">Als frischgek\u00fcrter Regionalrat der Desiderius-Erasmus-Stiftung bei einem Wochenendseminar im bezaubernden Mei\u00dfen<\/figcaption><\/figure>\n\n\n\n<figure class=\"wp-block-image\"><img decoding=\"async\" loading=\"lazy\" width=\"1024\" height=\"768\" src=\"https:\/\/www.dr-thomas-hartung.de\/wp-content\/uploads\/2019\/10\/FB_IMG_1514987546800-1024x768.jpg\" alt=\"\" class=\"wp-image-4560\"\/><figcaption class=\"wp-element-caption\">Neujahrsempfang im Landtag mit LT-Pr\u00e4sident Matthias R\u00f6\u00dfler (CDU), der tats\u00e4chlich mit uns anst\u00f6sst \ud83d\ude09<\/figcaption><\/figure>\n\n\n\n<figure class=\"wp-block-image\"><img decoding=\"async\" loading=\"lazy\" width=\"1024\" height=\"768\" src=\"https:\/\/www.dr-thomas-hartung.de\/wp-content\/uploads\/2019\/10\/IMG_20180118_151830-1024x768.jpg\" alt=\"\" class=\"wp-image-4561\"\/><figcaption class=\"wp-element-caption\">&#8222;Meine&#8220; Stra\u00dfe in Pieschen. Den Namen setzte ich im Ortsbeirat gegen Rot-Rot mit einer b\u00fcrgerlichen Mehrheit durch, zu der auch zwei intelligente Gr\u00fcne stie\u00dfen.<\/figcaption><\/figure>\n\n\n\n<figure class=\"wp-block-image\"><img decoding=\"async\" src=\"https:\/\/www.dr-thomas-hartung.de\/wp-content\/uploads\/2019\/10\/Augsburg-2018.jpg\" alt=\"\" class=\"wp-image-4562\"\/><figcaption class=\"wp-element-caption\">Auf dem Augsburger Parteitag 2018<\/figcaption><\/figure>\n\n\n\n<figure class=\"wp-block-image\"><img decoding=\"async\" loading=\"lazy\" width=\"1024\" height=\"768\" src=\"https:\/\/www.dr-thomas-hartung.de\/wp-content\/uploads\/2019\/10\/IMG_20190430_180113-1024x768.jpg\" alt=\"\" class=\"wp-image-4564\"\/><figcaption class=\"wp-element-caption\">Mit Manfred Schuster beim Schreiben der Endfassung des &#8222;Regierungsprogramms 2019&#8220;<\/figcaption><\/figure>\n\n\n\n<figure class=\"wp-block-image\"><img decoding=\"async\" loading=\"lazy\" width=\"1024\" height=\"684\" src=\"https:\/\/www.dr-thomas-hartung.de\/wp-content\/uploads\/2019\/10\/PT01062019-1024x684.jpg\" alt=\"\" class=\"wp-image-4565\"\/><figcaption class=\"wp-element-caption\">Mit Rolf Weigand MdL als Vorsitzender der Antragskommission zum Lommatzscher Programmparteitag vor der Landtagswahl 2019.<\/figcaption><\/figure>\n\n\n\n<figure class=\"wp-block-image\"><img decoding=\"async\" loading=\"lazy\" width=\"1024\" height=\"537\" src=\"https:\/\/www.dr-thomas-hartung.de\/wp-content\/uploads\/2019\/10\/PT01062019MDR-1024x537.jpg\" alt=\"\" class=\"wp-image-4566\"\/><figcaption class=\"wp-element-caption\"> Auf dem Lommatzscher Programmparteitag &#8211; vier meiner f\u00fcnf \u00c4nderungsantr\u00e4ge kamen durch, darunter der zur PH Sachsen, zur Erh\u00f6hung des Gymnasialzugangs und zum Tourismus.<\/figcaption><\/figure>\n\n\n\n<figure class=\"wp-block-image\"><img decoding=\"async\" loading=\"lazy\" width=\"1024\" height=\"684\" src=\"https:\/\/www.dr-thomas-hartung.de\/wp-content\/uploads\/2019\/10\/Medien19082019-1024x684.jpg\" alt=\"\" class=\"wp-image-4568\"\/><figcaption class=\"wp-element-caption\">Interfraktionelles Treffen der medienpolitischen Sprecher in Dresden im August 2019.<\/figcaption><\/figure>\n\n\n\n<figure class=\"wp-block-image\"><img decoding=\"async\" src=\"https:\/\/www.dr-thomas-hartung.de\/wp-content\/uploads\/2019\/10\/Berlin16092019.jpg\" alt=\"\" class=\"wp-image-4569\"\/><figcaption class=\"wp-element-caption\">Treffen der kulturpolitischen Sprecher in Berlin mit Marc Jongen MdB im September 2019.<\/figcaption><\/figure>\n\n\n\n<figure class=\"wp-block-image\"><img decoding=\"async\" loading=\"lazy\" width=\"1024\" height=\"768\" src=\"https:\/\/www.dr-thomas-hartung.de\/wp-content\/uploads\/2019\/10\/BFA-2\u00df102019-1024x768.jpg\" alt=\"\" class=\"wp-image-4570\"\/><figcaption class=\"wp-element-caption\">Wachabl\u00f6sung im BFA 6: Prof. Boris Hollas (Sachsen) beerbt im Oktober 2019 Nicole H\u00f6chst MdB als BFA-Chef.<\/figcaption><\/figure>\n\n\n\n<figure class=\"wp-block-image\"><img decoding=\"async\" loading=\"lazy\" width=\"1024\" height=\"768\" src=\"https:\/\/www.dr-thomas-hartung.de\/wp-content\/uploads\/2021\/02\/PK07072020-I-1024x768.jpg\" alt=\"\" class=\"wp-image-5564\"\/><figcaption class=\"wp-element-caption\">In neuer Funktion als Pressesprecher der Landtagsfraktion in Stuttgart; hier 2020 bei der Vorstellung des Vosgerau-Gutachtens zur Corona-Schadenersatzpflicht des Landes f\u00fcr Selbst\u00e4ndige.<\/figcaption><\/figure>\n\n\n\n<figure class=\"wp-block-image\"><img decoding=\"async\" loading=\"lazy\" width=\"1024\" height=\"576\" src=\"https:\/\/www.dr-thomas-hartung.de\/wp-content\/uploads\/2021\/02\/147687613_1725060801037847_7263280167331862735_o-1024x576.jpg\" alt=\"\" class=\"wp-image-5567\"\/><figcaption class=\"wp-element-caption\">Vorstellung von Spitzenkandidat und Programm zur LTW 2021.<\/figcaption><\/figure>\n\n\n\n<p> <\/p>\n\n\n\n<figure class=\"wp-block-image size-large\"><a href=\"https:\/\/www.dr-thomas-hartung.de\/wp-content\/uploads\/2023\/06\/Messe.jpg\"><img decoding=\"async\" loading=\"lazy\" width=\"1024\" height=\"561\" src=\"https:\/\/www.dr-thomas-hartung.de\/wp-content\/uploads\/2023\/06\/Messe-1024x561.jpg\" alt=\"\" class=\"wp-image-6509\" srcset=\"https:\/\/www.dr-thomas-hartung.de\/wp-content\/uploads\/2023\/06\/Messe-1024x561.jpg 1024w, https:\/\/www.dr-thomas-hartung.de\/wp-content\/uploads\/2023\/06\/Messe-300x164.jpg 300w, https:\/\/www.dr-thomas-hartung.de\/wp-content\/uploads\/2023\/06\/Messe-768x421.jpg 768w, https:\/\/www.dr-thomas-hartung.de\/wp-content\/uploads\/2023\/06\/Messe-1536x842.jpg 1536w, https:\/\/www.dr-thomas-hartung.de\/wp-content\/uploads\/2023\/06\/Messe.jpg 1607w\" sizes=\"(max-width: 1024px) 100vw, 1024px\" \/><\/a><figcaption class=\"wp-element-caption\">&#8222;Fraktion vor Ort&#8220; auf der S\u00fcdwestmesse VIllingen-Schwenningen im Juni 2023.<\/figcaption><\/figure>\n\n\n\n<figure class=\"wp-block-image size-large\"><a href=\"https:\/\/www.dr-thomas-hartung.de\/wp-content\/uploads\/2024\/07\/Wahlkampf.jpg\"><img decoding=\"async\" loading=\"lazy\" width=\"1024\" height=\"895\" src=\"https:\/\/www.dr-thomas-hartung.de\/wp-content\/uploads\/2024\/07\/Wahlkampf-1024x895.jpg\" alt=\"\" class=\"wp-image-6587\" srcset=\"https:\/\/www.dr-thomas-hartung.de\/wp-content\/uploads\/2024\/07\/Wahlkampf-1024x895.jpg 1024w, https:\/\/www.dr-thomas-hartung.de\/wp-content\/uploads\/2024\/07\/Wahlkampf-300x262.jpg 300w, https:\/\/www.dr-thomas-hartung.de\/wp-content\/uploads\/2024\/07\/Wahlkampf-768x671.jpg 768w, https:\/\/www.dr-thomas-hartung.de\/wp-content\/uploads\/2024\/07\/Wahlkampf.jpg 1280w\" sizes=\"(max-width: 1024px) 100vw, 1024px\" \/><\/a><figcaption class=\"wp-element-caption\">Europa- und Kommunalwahlkampf 2024 in Leonberg<\/figcaption><\/figure>\n\n\n\n<figure class=\"wp-block-image size-full\"><a href=\"https:\/\/www.dr-thomas-hartung.de\/wp-content\/uploads\/2024\/07\/Steckbrief_ThomasHartung.jpg\"><img decoding=\"async\" loading=\"lazy\" width=\"600\" height=\"426\" src=\"https:\/\/www.dr-thomas-hartung.de\/wp-content\/uploads\/2024\/07\/Steckbrief_ThomasHartung.jpg\" alt=\"\" class=\"wp-image-6589\" srcset=\"https:\/\/www.dr-thomas-hartung.de\/wp-content\/uploads\/2024\/07\/Steckbrief_ThomasHartung.jpg 600w, https:\/\/www.dr-thomas-hartung.de\/wp-content\/uploads\/2024\/07\/Steckbrief_ThomasHartung-300x213.jpg 300w\" sizes=\"(max-width: 600px) 100vw, 600px\" \/><\/a><figcaption class=\"wp-element-caption\">Der Steckbrief zum Wahlkampf. Ich wurde in den Leonberger Stadrat und den B\u00f6blinger Kreistag gew\u00e4hlt.<\/figcaption><\/figure>\n\n\n\n<figure class=\"wp-block-image size-large\"><a href=\"https:\/\/www.dr-thomas-hartung.de\/wp-content\/uploads\/2024\/12\/Stadtrat.jpg\"><img decoding=\"async\" loading=\"lazy\" width=\"1024\" height=\"581\" src=\"https:\/\/www.dr-thomas-hartung.de\/wp-content\/uploads\/2024\/12\/Stadtrat-1024x581.jpg\" alt=\"\" class=\"wp-image-6616\"\/><\/a><figcaption class=\"wp-element-caption\">Im Stadtrat Leonberg bei den Haushaltsberatungen<\/figcaption><\/figure>\n\n\n\n<figure class=\"wp-block-image size-large\"><a href=\"https:\/\/www.dr-thomas-hartung.de\/wp-content\/uploads\/2024\/12\/Leonberg.jpg\"><img decoding=\"async\" loading=\"lazy\" width=\"1024\" height=\"768\" src=\"https:\/\/www.dr-thomas-hartung.de\/wp-content\/uploads\/2024\/12\/Leonberg-1024x768.jpg\" alt=\"\" class=\"wp-image-6617\"\/><\/a><figcaption class=\"wp-element-caption\">Auf dem Leonberger Marktplatz zum Nikolausd\u00f6rfle. Bei der AfD gabs Gl\u00fchwein, Kuchen, Punsch &#8211; und B\u00f6rek. <\/figcaption><\/figure>\n\n\n\n<figure class=\"wp-block-image size-large\"><a href=\"https:\/\/www.dr-thomas-hartung.de\/wp-content\/uploads\/2025\/01\/photo_2025-01-24_23-55-00.jpg\"><img decoding=\"async\" loading=\"lazy\" width=\"1024\" height=\"682\" src=\"https:\/\/www.dr-thomas-hartung.de\/wp-content\/uploads\/2025\/01\/photo_2025-01-24_23-55-00-1024x682.jpg\" alt=\"\" class=\"wp-image-6629\" srcset=\"https:\/\/www.dr-thomas-hartung.de\/wp-content\/uploads\/2025\/01\/photo_2025-01-24_23-55-00-1024x682.jpg 1024w, https:\/\/www.dr-thomas-hartung.de\/wp-content\/uploads\/2025\/01\/photo_2025-01-24_23-55-00-300x200.jpg 300w, https:\/\/www.dr-thomas-hartung.de\/wp-content\/uploads\/2025\/01\/photo_2025-01-24_23-55-00-768x512.jpg 768w, https:\/\/www.dr-thomas-hartung.de\/wp-content\/uploads\/2025\/01\/photo_2025-01-24_23-55-00.jpg 1280w\" sizes=\"(max-width: 1024px) 100vw, 1024px\" \/><\/a><figcaption class=\"wp-element-caption\">Zur Wahlkampfveranstaltung in  der Leonberger Stadthalle, BTWK Janaur 2025<\/figcaption><\/figure>\n\n\n\n<figure class=\"wp-block-image size-large\"><a href=\"https:\/\/www.dr-thomas-hartung.de\/wp-content\/uploads\/2025\/01\/photo_2025-01-24_23-55-01.jpg\"><img decoding=\"async\" loading=\"lazy\" width=\"768\" height=\"1024\" src=\"https:\/\/www.dr-thomas-hartung.de\/wp-content\/uploads\/2025\/01\/photo_2025-01-24_23-55-01-768x1024.jpg\" alt=\"\" class=\"wp-image-6630\" srcset=\"https:\/\/www.dr-thomas-hartung.de\/wp-content\/uploads\/2025\/01\/photo_2025-01-24_23-55-01-768x1024.jpg 768w, https:\/\/www.dr-thomas-hartung.de\/wp-content\/uploads\/2025\/01\/photo_2025-01-24_23-55-01-225x300.jpg 225w, https:\/\/www.dr-thomas-hartung.de\/wp-content\/uploads\/2025\/01\/photo_2025-01-24_23-55-01.jpg 960w\" sizes=\"(max-width: 768px) 100vw, 768px\" \/><\/a><figcaption class=\"wp-element-caption\">Begr\u00fc\u00dfung der restlos gef\u00fcllten Leonberger Stadthalle als Ortsverbandschef.<\/figcaption><\/figure>\n\n\n\n<figure class=\"wp-block-image size-large\"><a href=\"https:\/\/www.dr-thomas-hartung.de\/wp-content\/uploads\/2025\/03\/Kachel_Leo.jpg\"><img decoding=\"async\" loading=\"lazy\" width=\"1024\" height=\"1024\" src=\"https:\/\/www.dr-thomas-hartung.de\/wp-content\/uploads\/2025\/03\/Kachel_Leo-1024x1024.jpg\" alt=\"\" class=\"wp-image-6643\" srcset=\"https:\/\/www.dr-thomas-hartung.de\/wp-content\/uploads\/2025\/03\/Kachel_Leo-1024x1024.jpg 1024w, https:\/\/www.dr-thomas-hartung.de\/wp-content\/uploads\/2025\/03\/Kachel_Leo-300x300.jpg 300w, https:\/\/www.dr-thomas-hartung.de\/wp-content\/uploads\/2025\/03\/Kachel_Leo-150x150.jpg 150w, https:\/\/www.dr-thomas-hartung.de\/wp-content\/uploads\/2025\/03\/Kachel_Leo-768x768.jpg 768w, https:\/\/www.dr-thomas-hartung.de\/wp-content\/uploads\/2025\/03\/Kachel_Leo.jpg 1080w\" sizes=\"(max-width: 1024px) 100vw, 1024px\" \/><\/a><figcaption class=\"wp-element-caption\">Werbung f\u00fcr den Neujahrsempfang am 08.03.2025<\/figcaption><\/figure>\n\n\n\n<figure class=\"wp-block-image size-full\"><a href=\"https:\/\/www.dr-thomas-hartung.de\/wp-content\/uploads\/2025\/03\/01.jpg\"><img decoding=\"async\" loading=\"lazy\" width=\"774\" height=\"516\" src=\"https:\/\/www.dr-thomas-hartung.de\/wp-content\/uploads\/2025\/03\/01.jpg\" alt=\"\" class=\"wp-image-6645\" srcset=\"https:\/\/www.dr-thomas-hartung.de\/wp-content\/uploads\/2025\/03\/01.jpg 774w, https:\/\/www.dr-thomas-hartung.de\/wp-content\/uploads\/2025\/03\/01-300x200.jpg 300w, https:\/\/www.dr-thomas-hartung.de\/wp-content\/uploads\/2025\/03\/01-768x512.jpg 768w\" sizes=\"(max-width: 774px) 100vw, 774px\" \/><\/a><figcaption class=\"wp-element-caption\">Impressionen vom Neujahrsempfang<\/figcaption><\/figure>\n\n\n\n<p><\/p>\n","protected":false},"excerpt":{"rendered":"<p>Wenn aus Wutb\u00fcrgern Mutb\u00fcrger werden&#8230; aber diese Politik, vor allem in den Bereichen von Hochschule, Bildung und Wissenschaft, halte ich f\u00fcr nicht mehr tragbar. Die Motivation hatte ich hier kurz dargelegt. Also wurde ich im Fr\u00fchjahr 2013 in der neuen &#8222;Alternative f\u00fcr Deutschland&#8220; aktiv und bin am 28. April in Leipzig zum s\u00e4chsischen Landesvize gew\u00e4hlt [&hellip;]<\/p>\n","protected":false},"author":1,"featured_media":0,"parent":18,"menu_order":100,"comment_status":"open","ping_status":"open","template":"","meta":[],"_links":{"self":[{"href":"https:\/\/www.dr-thomas-hartung.de\/index.php?rest_route=\/wp\/v2\/pages\/1645"}],"collection":[{"href":"https:\/\/www.dr-thomas-hartung.de\/index.php?rest_route=\/wp\/v2\/pages"}],"about":[{"href":"https:\/\/www.dr-thomas-hartung.de\/index.php?rest_route=\/wp\/v2\/types\/page"}],"author":[{"embeddable":true,"href":"https:\/\/www.dr-thomas-hartung.de\/index.php?rest_route=\/wp\/v2\/users\/1"}],"replies":[{"embeddable":true,"href":"https:\/\/www.dr-thomas-hartung.de\/index.php?rest_route=%2Fwp%2Fv2%2Fcomments&post=1645"}],"version-history":[{"count":36,"href":"https:\/\/www.dr-thomas-hartung.de\/index.php?rest_route=\/wp\/v2\/pages\/1645\/revisions"}],"predecessor-version":[{"id":6646,"href":"https:\/\/www.dr-thomas-hartung.de\/index.php?rest_route=\/wp\/v2\/pages\/1645\/revisions\/6646"}],"up":[{"embeddable":true,"href":"https:\/\/www.dr-thomas-hartung.de\/index.php?rest_route=\/wp\/v2\/pages\/18"}],"wp:attachment":[{"href":"https:\/\/www.dr-thomas-hartung.de\/index.php?rest_route=%2Fwp%2Fv2%2Fmedia&parent=1645"}],"curies":[{"name":"wp","href":"https:\/\/api.w.org\/{rel}","templated":true}]}}