{"id":351,"date":"2011-03-17T22:02:51","date_gmt":"2011-03-17T21:02:51","guid":{"rendered":"http:\/\/www.dr-thomas-hartung.de\/?page_id=351"},"modified":"2011-04-05T22:06:45","modified_gmt":"2011-04-05T21:06:45","slug":"1-vorzeit","status":"publish","type":"page","link":"https:\/\/www.dr-thomas-hartung.de\/?page_id=351","title":{"rendered":"1. Vorzeit"},"content":{"rendered":"<h2>zwischen Grundschule und Studium&#8230;<\/h2>\n<p style=\"text-align: center;\">\n<div id=\"attachment_937\" style=\"width: 488px\" class=\"wp-caption aligncenter\"><a href=\"https:\/\/www.dr-thomas-hartung.de\/wp-content\/uploads\/2011\/03\/Friedel.jpg\"><img aria-describedby=\"caption-attachment-937\" decoding=\"async\" loading=\"lazy\" class=\"size-large wp-image-937   \" title=\"Friedel\" src=\"https:\/\/www.dr-thomas-hartung.de\/wp-content\/uploads\/2011\/03\/Friedel-1024x721.jpg\" alt=\"\" width=\"478\" height=\"338\" srcset=\"https:\/\/www.dr-thomas-hartung.de\/wp-content\/uploads\/2011\/03\/Friedel-1024x721.jpg 1024w, https:\/\/www.dr-thomas-hartung.de\/wp-content\/uploads\/2011\/03\/Friedel-300x211.jpg 300w, https:\/\/www.dr-thomas-hartung.de\/wp-content\/uploads\/2011\/03\/Friedel.jpg 1181w\" sizes=\"(max-width: 478px) 100vw, 478px\" \/><\/a><p id=\"caption-attachment-937\" class=\"wp-caption-text\">Wochenend- und Ferienort meiner Kindheit - und Schauplatz aller M\u00e4rchen: Blick vom Glasberg (525 m) auf Friedelshausen (Rh\u00f6n), das Werratal und den Th\u00fcringer Wald. Hier habe ich gelernt, wie H\u00fchner geschlachtet werden, Regenw\u00fcrmer schmecken und Heu gewendet wird.<\/p><\/div>\n<div id=\"attachment_353\" style=\"width: 330px\" class=\"wp-caption aligncenter\"><a href=\"https:\/\/www.dr-thomas-hartung.de\/wp-content\/uploads\/2011\/03\/Vor-1.jpg\"><img aria-describedby=\"caption-attachment-353\" decoding=\"async\" loading=\"lazy\" class=\"size-full wp-image-353\" title=\"Vor 1\" src=\"https:\/\/www.dr-thomas-hartung.de\/wp-content\/uploads\/2011\/03\/Vor-1.jpg\" alt=\"\" width=\"320\" height=\"243\" srcset=\"https:\/\/www.dr-thomas-hartung.de\/wp-content\/uploads\/2011\/03\/Vor-1.jpg 320w, https:\/\/www.dr-thomas-hartung.de\/wp-content\/uploads\/2011\/03\/Vor-1-300x227.jpg 300w\" sizes=\"(max-width: 320px) 100vw, 320px\" \/><\/a><p id=\"caption-attachment-353\" class=\"wp-caption-text\">Erstes Weihnachtsfest als &quot;gro\u00dfer Bruder&quot; <\/p><\/div>\n<div class=\"mceIEcenter\">\n<dl id=\"attachment_354\" class=\"aligncenter\">\n<dt><a href=\"..\/wp-content\/uploads\/2011\/03\/Vor-2.jpg\"><img decoding=\"async\" loading=\"lazy\" title=\"Vor 2\" src=\"..\/wp-content\/uploads\/2011\/03\/Vor-2.jpg\" alt=\"\" width=\"320\" height=\"236\" \/><\/a> <\/dt>\n<dd>Lang lang ist&#8217;s her&#8230;<\/dd>\n<dd>\n<div id=\"attachment_938\" style=\"width: 330px\" class=\"wp-caption aligncenter\"><a href=\"https:\/\/www.dr-thomas-hartung.de\/wp-content\/uploads\/2011\/03\/Vor.jpg\"><img aria-describedby=\"caption-attachment-938\" decoding=\"async\" loading=\"lazy\" class=\"size-full wp-image-938\" title=\"Vor\" src=\"https:\/\/www.dr-thomas-hartung.de\/wp-content\/uploads\/2011\/03\/Vor.jpg\" alt=\"\" width=\"320\" height=\"240\" srcset=\"https:\/\/www.dr-thomas-hartung.de\/wp-content\/uploads\/2011\/03\/Vor.jpg 320w, https:\/\/www.dr-thomas-hartung.de\/wp-content\/uploads\/2011\/03\/Vor-300x225.jpg 300w\" sizes=\"(max-width: 320px) 100vw, 320px\" \/><\/a><p id=\"caption-attachment-938\" class=\"wp-caption-text\">Eine pr\u00e4gende Erfahrung: als Sch\u00fcler der Oberschule &quot;Fidel Castro&quot; beim Namensgeber w\u00e4hrend seines Staatsbesuchs in Berlin 1972. Die besten Sch\u00fcler lud er dann auf seine Zuckerinsel ein; f\u00fcr mich war es 1974 so weit: ein ganzer August lang Cuba! Die Erfurter Schule war bis 1990 die einzige, die Castros Namen trug.<\/p><\/div>\n<\/dd>\n<\/dl>\n<\/div>\n<div id=\"attachment_352\" style=\"width: 330px\" class=\"wp-caption aligncenter\"><a href=\"https:\/\/www.dr-thomas-hartung.de\/wp-content\/uploads\/2011\/03\/Vor-3.jpg\"><img aria-describedby=\"caption-attachment-352\" decoding=\"async\" loading=\"lazy\" class=\"size-full wp-image-352\" title=\"Vor 3\" src=\"https:\/\/www.dr-thomas-hartung.de\/wp-content\/uploads\/2011\/03\/Vor-3.jpg\" alt=\"\" width=\"320\" height=\"239\" srcset=\"https:\/\/www.dr-thomas-hartung.de\/wp-content\/uploads\/2011\/03\/Vor-3.jpg 320w, https:\/\/www.dr-thomas-hartung.de\/wp-content\/uploads\/2011\/03\/Vor-3-300x224.jpg 300w\" sizes=\"(max-width: 320px) 100vw, 320px\" \/><\/a><p id=\"caption-attachment-352\" class=\"wp-caption-text\">Auch in der &quot;Nationalen Volksarmee&quot; ging es mitunter entspannt zu...<\/p><\/div>\n","protected":false},"excerpt":{"rendered":"<p>zwischen Grundschule und Studium&#8230; Lang lang ist&#8217;s her&#8230;<\/p>\n","protected":false},"author":1,"featured_media":0,"parent":18,"menu_order":10,"comment_status":"open","ping_status":"closed","template":"","meta":[],"_links":{"self":[{"href":"https:\/\/www.dr-thomas-hartung.de\/index.php?rest_route=\/wp\/v2\/pages\/351"}],"collection":[{"href":"https:\/\/www.dr-thomas-hartung.de\/index.php?rest_route=\/wp\/v2\/pages"}],"about":[{"href":"https:\/\/www.dr-thomas-hartung.de\/index.php?rest_route=\/wp\/v2\/types\/page"}],"author":[{"embeddable":true,"href":"https:\/\/www.dr-thomas-hartung.de\/index.php?rest_route=\/wp\/v2\/users\/1"}],"replies":[{"embeddable":true,"href":"https:\/\/www.dr-thomas-hartung.de\/index.php?rest_route=%2Fwp%2Fv2%2Fcomments&post=351"}],"version-history":[{"count":11,"href":"https:\/\/www.dr-thomas-hartung.de\/index.php?rest_route=\/wp\/v2\/pages\/351\/revisions"}],"predecessor-version":[{"id":366,"href":"https:\/\/www.dr-thomas-hartung.de\/index.php?rest_route=\/wp\/v2\/pages\/351\/revisions\/366"}],"up":[{"embeddable":true,"href":"https:\/\/www.dr-thomas-hartung.de\/index.php?rest_route=\/wp\/v2\/pages\/18"}],"wp:attachment":[{"href":"https:\/\/www.dr-thomas-hartung.de\/index.php?rest_route=%2Fwp%2Fv2%2Fmedia&parent=351"}],"curies":[{"name":"wp","href":"https:\/\/api.w.org\/{rel}","templated":true}]}}