{"id":84,"date":"2011-03-11T12:21:48","date_gmt":"2011-03-11T11:21:48","guid":{"rendered":"http:\/\/www.dr-thomas-hartung.de\/?page_id=84"},"modified":"2026-01-06T10:30:52","modified_gmt":"2026-01-06T09:30:52","slug":"7-vortrage","status":"publish","type":"page","link":"https:\/\/www.dr-thomas-hartung.de\/?page_id=84","title":{"rendered":"7. Vortr\u00e4ge"},"content":{"rendered":"<h2>A) Berufungsvortr\u00e4ge<\/h2>\n<p><strong>Dezember 2012<\/strong> \u201eAkteure des deutschen Medienmarkts&#8220;<\/p>\n<ul>\n<li>Probelehrveranstaltung (Pflichtvortrag) f\u00fcr die W 2-Professur \u201eMedienwirtschaft&#8220; an der Dualen Hochschule Baden-W\u00fcrttemberg DHBW Heidenheim (Verfahren aus haushaltsrechtlichen Gr\u00fcnden gestoppt)<\/li>\n<\/ul>\n<p><strong>April 2012<\/strong> \u201eDeckungsbeitragsrechnung als Controllinginstrument f\u00fcr Zeitschriftenverlage&#8220;<\/p>\n<ul>\n<li>Probelehrveranstaltung (Pflichtvortrag) f\u00fcr die W 2-Professur \u201ePressewirtschaft&#8220; an der HTWK Leipzig (Listenplatz 2)<\/li>\n<\/ul>\n<p><strong>Oktober 2011<\/strong> \u201eDramaturgische Elemente von Fernsehmagazinen&#8220;<\/p>\n<ul>\n<li>Probelehrveranstaltung (Pflichtvortrag) f\u00fcr die W 2-Professur \u201eTechnikjournalismus\u201c an der FH N\u00fcrnberg<\/li>\n<\/ul>\n<p><strong>Juni 2011<\/strong> \u201eAkteure des Medienmarkts&#8220;<\/p>\n<ul>\n<li>Probelehrveranstaltung (Pflichtvortrag) f\u00fcr die W 2-Professur \u201eMedienmanagement\u201c an der bbw-FH Berlin<\/li>\n<\/ul>\n<p><strong>Juli 2010<\/strong> \u201eAudiovisuelle Kommunikationstheorie\u201c<\/p>\n<ul>\n<li>Probelehrveranstaltung (Pflichtvortrag) f\u00fcr die W 2-Professur \u201eVisuelle Kommunikation\u201c an der FH Schmalkalden<\/li>\n<\/ul>\n<p><strong>Juli 2009<\/strong> \u201eErl\u00f6sformen von Medienunternehmen\u201c<\/p>\n<ul>\n<li>Probelehrveranstaltung (Pflichtvortrag) f\u00fcr die W 2-Professur \u201eMedienmanagement\u201c an der EBC-Hochschule\u00a0 Berlin (Verfahren ohne Besetzung eingestellt)<\/li>\n<\/ul>\n<p><strong>Juni 2009<\/strong> \u201eVideo als Werkzeug der Wissensvermittlung\u201c<\/p>\n<ul>\n<li>Probelehrveranstaltung f\u00fcr die W 2-Professur \u201eVideoproduktion und Mediendidaktik\u201c an der FH Ansbach (Verfahren ohne Besetzung eingestellt)<\/li>\n<\/ul>\n<p><strong>April 2009<\/strong> \u201eDramaturgie nichtfiktionaler Formate\u201c<\/p>\n<ul>\n<li>Probelehrveranstaltung (Pflichtvortrag) f\u00fcr die W 2-Professur \u201eAV-Medienproduktion\u201c an der FH Kiel (Listenplatz drei)<\/li>\n<\/ul>\n<p><strong>Juni 2007<\/strong>\u201eManagement crossmedialer Kommunikationskampagnen\u201c<\/p>\n<ul>\n<li>Probelehrveranstaltung (Pflichtvortrag) f\u00fcr die C 2-Professur \u201ePR-Management\u201c an der FH Macromedia M\u00fcnchen<\/li>\n<\/ul>\n<p><strong>Oktober 2004<\/strong> \u201eSprache im Journalismus\u201c<\/p>\n<ul>\n<li>Probelehrveranstaltung (Pflichtvortrag) f\u00fcr die C 2-Professur \u201eJournalistik\u201c an der FH Wilhelmshaven (Listenplatz drei)<\/li>\n<\/ul>\n<p><strong>April 2004<\/strong> \u201eAspekte der Bewegtbilddramaturgie bei der Kameraf\u00fchrung\u201c<\/p>\n<ul>\n<li>Probelehrveranstaltung (Pflichtvortrag) f\u00fcr die C 2-Professur \u201eAudio-\/ Videoproduktion\u201c an der HTW Dresden (Listenplatz zwei)<\/li>\n<\/ul>\n<p><strong>Januar 2004<\/strong> \u201eMedienbiographie und Text\u201c<\/p>\n<ul>\n<li>Probelehrveranstaltung (Pflichtvortrag) f\u00fcr die C 2-Professur \u201eMedia Authoring\u201c an der FH Schw\u00e4bisch Gm\u00fcnd<\/li>\n<\/ul>\n<p><strong>M\u00e4rz 2002<\/strong> \u201eAspekte von Bildgestaltung\u201c<\/p>\n<ul>\n<li>Probelehrveranstaltung (Pflichtvortrag) f\u00fcr die C 2-Professur \u201eMedienproduktion\u201c an der FH Deggendorf (Listenplatz drei)<\/li>\n<\/ul>\n<h2>B) Referent<\/h2>\n<p><strong>ab 2020\u00a0<\/strong>diverse Vortr\u00e4ge zur Bildungspolitik, daneben Messeteilnahmen und Lesungen, zuletzt &#8222;<a href=\"_wp_link_placeholder\" data-wplink-edit=\"true\">SeitenWechsel<\/a>&#8220; (Halle 2025)<\/p>\n<p><strong>2013<\/strong> <a href=\"http:\/\/www.acribit.de\">Acribit<\/a> GmbH Dresden<\/p>\n<ul>\n<li>Businessfr\u00fchst\u00fcck: &#8222;Wortspiele in der Marktkommunikation gezielt nutzen&#8220;<\/li>\n<\/ul>\n<p><strong>2013<\/strong> <a href=\"http:\/\/www.acribit.de\">Acribit<\/a> GmbH Dresden<\/p>\n<ul>\n<li>Businessfr\u00fchst\u00fcck: &#8222;Instrumente der Externen Kommunikation richtig nutzen&#8220;<\/li>\n<\/ul>\n<p><strong>2013<\/strong> <a title=\"www.sellmore.de\" href=\"http:\/\/www.sellmore.de\/\" target=\"_blank\" rel=\"noopener\">sellmore Gesellschaft f\u00fcr Vertriebsentwicklung mbH<\/a>, Dresden<\/p>\n<ul>\n<li><a href=\"http:\/\/www.acribit.de\/de\/company\/veranstaltungen.html\" target=\"_blank\" rel=\"noopener\">Vertriebsfr\u00fchst\u00fcck<\/a>: &#8222;Mit einheitlicher Unternehmenssprache zum Unternehmenserfolg&#8220;<\/li>\n<\/ul>\n<p><strong>2013<\/strong> DPRG-<a href=\"http:\/\/www.dprg.de\/Profile\/Sachsen\/18\" target=\"_blank\" rel=\"noopener\">Landesgruppe<\/a> Sachsen, Dresden<\/p>\n<ul>\n<li>Workshop: &#8222;Corporate Language &#8211; Die Sprache in der Unternehmenskommunikation&#8220;<\/li>\n<\/ul>\n<p><strong>2011<\/strong> <a href=\"http:\/\/www.hamburgmediaschool.com\/\" target=\"_blank\" rel=\"noopener\">Hamburg Media School<\/a><\/p>\n<ul>\n<li>&#8222;<a href=\"http:\/\/www.tidenet.de\/\" target=\"_blank\" rel=\"noopener\">TIDE<\/a>: Chancen und Perspektiven des Hamburger B\u00fcrgersenders&#8220;<\/li>\n<\/ul>\n<p><strong>2011<\/strong> Acribit GmbH Dresden<\/p>\n<ul>\n<li>Businessfr\u00fchst\u00fcck: &#8222;Corporate Language als Erfolgsfaktor&#8220;<\/li>\n<\/ul>\n<p><strong>2010<\/strong> Institut f\u00fcr <a href=\"http:\/\/tu-dresden.de\/die_tu_dresden\/fakultaeten\/erzw\/erzwibp\/bt\/index_html\" target=\"_blank\" rel=\"noopener\">Berufsp\u00e4dagogik<\/a> der TU Dresden<\/p>\n<ul>\n<li>Weiterbildung: &#8222;Regeln des Sprechens von Texten f\u00fcr Lehrfilme&#8220;<\/li>\n<\/ul>\n<p><strong>2009<\/strong> <a href=\"http:\/\/tu-dresden.de\/die_tu_dresden\/verwaltung\/dezernat_5\/sachgebiet_5_7\/gruppe_5_7_2_pressestelle\" target=\"_blank\" rel=\"noopener\">Pressestelle<\/a> TU Dresden<\/p>\n<ul>\n<li><a href=\"https:\/\/www.dr-thomas-hartung.de\/wp-content\/uploads\/2011\/03\/AA.jpg\">Workshops<\/a> &#8222;Journalismus: Einf\u00fchrung&#8220; f\u00fcr Sch\u00fclerzeitungsredakteure aus NRW und Bayern<\/li>\n<\/ul>\n<p><strong>2008<\/strong> DPRG-<a href=\"http:\/\/www.dprg.de\/Profile\/Sachsen\/18\" target=\"_blank\" rel=\"noopener\">Landesgruppe<\/a> Sachsen, Dresden<\/p>\n<ul>\n<li>Workshop: &#8222;Werbung &amp; PR in der Integrierten Messe-Kommunikation&#8220;<\/li>\n<\/ul>\n<p><strong>2006<\/strong> Institut f\u00fcr Software- und Multimediatechnik der TU Dresden, Professur &#8222;<a href=\"http:\/\/mg.inf.tu-dresden.de\/\" target=\"_blank\" rel=\"noopener\">Mediengestaltung<\/a>&#8220;<\/p>\n<ul>\n<li>Sondervorlesung: &#8222;Zur Dramaturgie publizistischer Bewegtbild-Produkte&#8220;<\/li>\n<\/ul>\n<p><strong>2006<\/strong> 3. \u201e<a href=\"http:\/\/www.marketingtag-ssw.de\/Startseite.42\/\" target=\"_blank\" rel=\"noopener\">Marketingtag<\/a> S\u00e4chsische Schweiz\u201c, Neustadt<\/p>\n<ul>\n<li>Workshop: &#8222;Spielregeln der \u00d6ffentlichkeitsarbeit f\u00fcr Mittelst\u00e4ndler im Fernsehen&#8220;<\/li>\n<\/ul>\n<p><strong>2004<\/strong> <a href=\"http:\/\/www.fundraisingverband.de\/\" target=\"_blank\" rel=\"noopener\">Deutscher Fundraising Verband e.V.<\/a><\/p>\n<ul>\n<li>\n<div>Workshop auf dem 1. s\u00e4chsischer Fundraisingtag \u201ePressearbeit und Redaktionsalltag\u201c<\/div>\n<\/li>\n<\/ul>\n<p><strong>2001 <\/strong>Pr\u00e4sidium der Bereitschaftspolizei Sachsen Leipzig<\/p>\n<ul>\n<li>Fortbildung der Pressesprecher der S\u00e4chsischen Polizeidirektionen: &#8222;Zum Verh\u00e4ltnis der Polizei-PR zur TV-Berichterstattung&#8220;<\/li>\n<\/ul>\n<p><strong>2000 <\/strong>S\u00e4chsische Landesmedienanstalt <a href=\"http:\/\/www.slm-online.de\/psk\/slmo\/show.php3?id=1&amp;nodeid=1\" target=\"_blank\" rel=\"noopener\">SLM<\/a> Dresden<\/p>\n<ul>\n<li>Festrede (<a href=\"https:\/\/www.dr-thomas-hartung.de\/wp-content\/uploads\/2011\/03\/SLM-Rede.pdf\">*.pdf<\/a>) zur Fernsehpreisverleihung: &#8222;Das saek-Fenster bei Sachsen Fernsehen: Projekte, Probleme, Perspektiven&#8220;<\/li>\n<\/ul>\n<p><strong>1991 <\/strong>Phantastische Bibliothek Wetzlar<\/p>\n<ul>\n<li>&#8222;DDR-Science -Fiction &#8211; was bleibt?&#8220;<\/li>\n<\/ul>\n<p><strong>1990 <\/strong>1o. Wetzlager Phantastiktage Wetzlar<\/p>\n<ul>\n<li>&#8222;Zur Situation der DDR-Fantasy&#8220;<\/li>\n<\/ul>\n<p><strong>1988 &#8211; 1990<\/strong> Literaturreferent der &#8222;URANIA&#8220;<\/p>\n<ul>\n<li>Vortr\u00e4ge zur DDR-Literatur, DDR-Science Fiction, Weltliteratur und Alltagskultur<\/li>\n<\/ul>\n<h2>C) Sonstiges: Moderator, Laudator, Talkgast, Vortragender, Tagungsleiter<\/h2>\n<p><strong>2010 <\/strong><a href=\"http:\/\/mf2010.medien-mittweida.de\/uebersicht.html\" target=\"_blank\" rel=\"noopener\">Medienforum<\/a> Mittweida<\/p>\n<ul>\n<li>Moderation der Podien \u201eFrauenquote\u201c und \u201eMinderheiten\u201c<\/li>\n<\/ul>\n<p><strong>2008<\/strong><a href=\"http:\/\/www.heidrun-mueller.com\/\" target=\"_blank\" rel=\"noopener\"> Kunstgrotte<\/a> Wehlen<\/p>\n<ul>\n<li>Kulinarische Adventslesung &#8222;Der Weihnachtsmann in der Lumpenkiste&#8220;<\/li>\n<\/ul>\n<p><strong>2007<\/strong> Kunstgrotte Wehlen<\/p>\n<ul>\n<li>Kulinarische Adventslesung &#8222;Der Weihnachtsmann in der Lumpenkiste&#8220;<\/li>\n<\/ul>\n<p><strong>2007<\/strong> Kunstgrotte Wehlen<\/p>\n<ul>\n<li>Kulinarische Lesung &#8222;Der Fisch in Lyrik und Prosa der Welt&#8220;<\/li>\n<\/ul>\n<p><strong>2006<\/strong> Kunstgrotte Wehlen<\/p>\n<ul>\n<li>Kulinarische Lesung &#8222;Der Fisch in Lyrik und Prosa der Welt&#8220;<\/li>\n<\/ul>\n<p><strong>2005<\/strong> Verwaltungsgericht Dresden<\/p>\n<ul>\n<li>&#8222;Quartett&#8220;. Laudatio (<a href=\"https:\/\/www.dr-thomas-hartung.de\/wp-content\/uploads\/2011\/03\/Laudatio_Vernissage.pdf\">*.pdf<\/a>) zur <a href=\"http:\/\/www.justiz.sachsen.de\/content\/kunst.htm\" target=\"_blank\" rel=\"noopener\">Grafikausstellung<\/a> von Conny Huber<\/li>\n<\/ul>\n<p><strong>2004 <\/strong>Medienfest Stendal<\/p>\n<ul>\n<li>Forum der <a href=\"http:\/\/www.msa-online.de\/index.php\" target=\"_blank\" rel=\"noopener\">Landesmedienanstalt<\/a> Sachsen-Anhalt: &#8222;Verantwortung der Medien \u2013 Pflicht oder Business?&#8220;<\/li>\n<\/ul>\n<p><strong>1999 <\/strong>19. <a href=\"http:\/\/www.phantastik.eu\/\" target=\"_blank\" rel=\"noopener\">Wetzlager Phantastiktage<\/a><\/p>\n<ul>\n<li>Tagungsleitung<\/li>\n<\/ul>\n<p><strong>1998 &#8211; 1999 <\/strong>Autorenforum Lindengarten, Dresden<\/p>\n<ul>\n<li>Moderation<\/li>\n<\/ul>\n","protected":false},"excerpt":{"rendered":"<p>A) Berufungsvortr\u00e4ge Dezember 2012 \u201eAkteure des deutschen Medienmarkts&#8220; Probelehrveranstaltung (Pflichtvortrag) f\u00fcr die W 2-Professur \u201eMedienwirtschaft&#8220; an der Dualen Hochschule Baden-W\u00fcrttemberg DHBW Heidenheim (Verfahren aus haushaltsrechtlichen Gr\u00fcnden gestoppt) April 2012 \u201eDeckungsbeitragsrechnung als Controllinginstrument f\u00fcr Zeitschriftenverlage&#8220; Probelehrveranstaltung (Pflichtvortrag) f\u00fcr die W 2-Professur \u201ePressewirtschaft&#8220; an der HTWK Leipzig (Listenplatz 2) Oktober 2011 \u201eDramaturgische Elemente von Fernsehmagazinen&#8220; Probelehrveranstaltung (Pflichtvortrag) [&hellip;]<\/p>\n","protected":false},"author":1,"featured_media":0,"parent":16,"menu_order":70,"comment_status":"closed","ping_status":"closed","template":"","meta":[],"_links":{"self":[{"href":"https:\/\/www.dr-thomas-hartung.de\/index.php?rest_route=\/wp\/v2\/pages\/84"}],"collection":[{"href":"https:\/\/www.dr-thomas-hartung.de\/index.php?rest_route=\/wp\/v2\/pages"}],"about":[{"href":"https:\/\/www.dr-thomas-hartung.de\/index.php?rest_route=\/wp\/v2\/types\/page"}],"author":[{"embeddable":true,"href":"https:\/\/www.dr-thomas-hartung.de\/index.php?rest_route=\/wp\/v2\/users\/1"}],"replies":[{"embeddable":true,"href":"https:\/\/www.dr-thomas-hartung.de\/index.php?rest_route=%2Fwp%2Fv2%2Fcomments&post=84"}],"version-history":[{"count":44,"href":"https:\/\/www.dr-thomas-hartung.de\/index.php?rest_route=\/wp\/v2\/pages\/84\/revisions"}],"predecessor-version":[{"id":7083,"href":"https:\/\/www.dr-thomas-hartung.de\/index.php?rest_route=\/wp\/v2\/pages\/84\/revisions\/7083"}],"up":[{"embeddable":true,"href":"https:\/\/www.dr-thomas-hartung.de\/index.php?rest_route=\/wp\/v2\/pages\/16"}],"wp:attachment":[{"href":"https:\/\/www.dr-thomas-hartung.de\/index.php?rest_route=%2Fwp%2Fv2%2Fmedia&parent=84"}],"curies":[{"name":"wp","href":"https:\/\/api.w.org\/{rel}","templated":true}]}}